{"id":14447,"date":"2024-01-04T13:59:33","date_gmt":"2024-01-04T12:59:33","guid":{"rendered":"https:\/\/www.medisur.fr\/?page_id=14447"},"modified":"2026-01-12T09:25:30","modified_gmt":"2026-01-12T08:25:30","slug":"formation-bienveilleur-en-sante-mentale","status":"publish","type":"page","link":"https:\/\/www.medisur.fr\/en\/sante-mentale\/formation-bienveilleur-en-sante-mentale\/","title":{"rendered":"Kindness training in mental health"},"content":{"rendered":"\t\t<div data-elementor-type=\"wp-page\" data-elementor-id=\"14447\" class=\"elementor elementor-14447\" data-elementor-post-type=\"page\">\n\t\t\t\t\t\t<section class=\"elementor-section elementor-top-section elementor-element elementor-element-76d562a elementor-section-boxed elementor-section-height-default elementor-section-height-default\" data-id=\"76d562a\" data-element_type=\"section\" data-e-type=\"section\" data-settings=\"{&quot;jet_parallax_layout_list&quot;:[]}\">\n\t\t\t\t\t\t<div class=\"elementor-container elementor-column-gap-default\">\n\t\t\t\t\t<div class=\"elementor-column elementor-col-100 elementor-top-column elementor-element elementor-element-1615b0d\" data-id=\"1615b0d\" data-element_type=\"column\" data-e-type=\"column\">\n\t\t\t<div class=\"elementor-widget-wrap elementor-element-populated\">\n\t\t\t\t\t\t<div class=\"elementor-element elementor-element-b4877a5 elementor-widget elementor-widget-woocommerce-breadcrumb\" data-id=\"b4877a5\" data-element_type=\"widget\" data-e-type=\"widget\" data-widget_type=\"woocommerce-breadcrumb.default\">\n\t\t\t\t<div class=\"elementor-widget-container\">\n\t\t\t\t\t<nav class=\"woocommerce-breadcrumb\" aria-label=\"Breadcrumb\">Home<\/nav>\t\t\t\t<\/div>\n\t\t\t\t<\/div>\n\t\t\t\t\t<\/div>\n\t\t<\/div>\n\t\t\t\t\t<\/div>\n\t\t<\/section>\n\t\t\t\t<section class=\"elementor-section elementor-top-section elementor-element elementor-element-34a0417d elementor-section-height-min-height elementor-section-stretched elementor-section-boxed elementor-section-height-default elementor-section-items-middle\" data-id=\"34a0417d\" data-element_type=\"section\" data-e-type=\"section\" data-settings=\"{&quot;jet_parallax_layout_list&quot;:[],&quot;background_background&quot;:&quot;classic&quot;,&quot;stretch_section&quot;:&quot;section-stretched&quot;}\">\n\t\t\t\t\t\t\t<div class=\"elementor-background-overlay\"><\/div>\n\t\t\t\t\t\t\t<div class=\"elementor-container elementor-column-gap-default\">\n\t\t\t\t\t<div class=\"elementor-column elementor-col-50 elementor-top-column elementor-element elementor-element-47317f66\" data-id=\"47317f66\" data-element_type=\"column\" data-e-type=\"column\">\n\t\t\t<div class=\"elementor-widget-wrap elementor-element-populated\">\n\t\t\t\t\t\t<div class=\"elementor-element elementor-element-219476a2 elementor-widget__width-initial elementor-widget elementor-widget-heading\" data-id=\"219476a2\" data-element_type=\"widget\" data-e-type=\"widget\" data-widget_type=\"heading.default\">\n\t\t\t\t<div class=\"elementor-widget-container\">\n\t\t\t\t\t<h1 class=\"elementor-heading-title elementor-size-default\">Formation Bienveilleur en sant\u00e9 mentale<\/h1>\t\t\t\t<\/div>\n\t\t\t\t<\/div>\n\t\t\t\t<div class=\"elementor-element elementor-element-6c1a0cb3 elementor-widget__width-initial elementor-widget elementor-widget-text-editor\" data-id=\"6c1a0cb3\" data-element_type=\"widget\" data-e-type=\"widget\" data-widget_type=\"text-editor.default\">\n\t\t\t\t<div class=\"elementor-widget-container\">\n\t\t\t\t\t\t\t\t\t<p>Permettez \u00e0 vos collaborateurs de devenir acteurs du bien-\u00eatre mental en entreprise gr\u00e2ce \u00e0 la <strong>formation Bienveilleur en sant\u00e9 mentale.\u00a0<\/strong>Pr\u00e9vention, \u00e9coute active et orientation : donnez \u00e0 vos \u00e9quipes les cl\u00e9s pour d\u00e9tecter et accompagner efficacement les situations de mal-\u00eatre au travail.<\/p>\t\t\t\t\t\t\t\t<\/div>\n\t\t\t\t<\/div>\n\t\t\t\t<div class=\"elementor-element elementor-element-a5b41e3 elementor-widget elementor-widget-button\" data-id=\"a5b41e3\" data-element_type=\"widget\" data-e-type=\"widget\" data-widget_type=\"button.default\">\n\t\t\t\t<div class=\"elementor-widget-container\">\n\t\t\t\t\t\t\t\t\t<div class=\"elementor-button-wrapper\">\n\t\t\t\t\t<a class=\"elementor-button elementor-button-link elementor-size-sm\" href=\"https:\/\/www.medisur.fr\/devis-sante-mentale\/\">\n\t\t\t\t\t\t<span class=\"elementor-button-content-wrapper\">\n\t\t\t\t\t\t\t\t\t<span class=\"elementor-button-text\">Nous consulter pour un devis<\/span>\n\t\t\t\t\t<\/span>\n\t\t\t\t\t<\/a>\n\t\t\t\t<\/div>\n\t\t\t\t\t\t\t\t<\/div>\n\t\t\t\t<\/div>\n\t\t\t\t<div class=\"elementor-element elementor-element-272e64a elementor-widget elementor-widget-text-editor\" data-id=\"272e64a\" data-element_type=\"widget\" data-e-type=\"widget\" data-widget_type=\"text-editor.default\">\n\t\t\t\t<div class=\"elementor-widget-container\">\n\t\t\t\t\t\t\t\t\t<p><a href=\"https:\/\/www.medisur.fr\/download\/14646\/?tmstv=1705505619\">T\u00e9l\u00e9charger le programme de formation en .pdf<\/a><\/p>\t\t\t\t\t\t\t\t<\/div>\n\t\t\t\t<\/div>\n\t\t\t\t\t<\/div>\n\t\t<\/div>\n\t\t\t\t<div class=\"elementor-column elementor-col-50 elementor-top-column elementor-element elementor-element-69f0a6fa\" data-id=\"69f0a6fa\" data-element_type=\"column\" data-e-type=\"column\">\n\t\t\t<div class=\"elementor-widget-wrap\">\n\t\t\t\t\t\t\t<\/div>\n\t\t<\/div>\n\t\t\t\t\t<\/div>\n\t\t<\/section>\n\t\t\t\t<section class=\"elementor-section elementor-top-section elementor-element elementor-element-5b58719 elementor-section-boxed elementor-section-height-default elementor-section-height-default\" data-id=\"5b58719\" data-element_type=\"section\" data-e-type=\"section\" data-settings=\"{&quot;jet_parallax_layout_list&quot;:[]}\">\n\t\t\t\t\t\t<div class=\"elementor-container elementor-column-gap-default\">\n\t\t\t\t\t<div class=\"elementor-column elementor-col-50 elementor-top-column elementor-element elementor-element-9abbfc6\" data-id=\"9abbfc6\" data-element_type=\"column\" data-e-type=\"column\">\n\t\t\t<div class=\"elementor-widget-wrap elementor-element-populated\">\n\t\t\t\t\t\t<div class=\"elementor-element elementor-element-b41894e elementor-widget elementor-widget-heading\" data-id=\"b41894e\" data-element_type=\"widget\" data-e-type=\"widget\" data-widget_type=\"heading.default\">\n\t\t\t\t<div class=\"elementor-widget-container\">\n\t\t\t\t\t<h2 class=\"elementor-heading-title elementor-size-default\">Pourquoi former des Bienveilleurs en sant\u00e9 mentale en entreprise ?<\/h2>\t\t\t\t<\/div>\n\t\t\t\t<\/div>\n\t\t\t\t<div class=\"elementor-element elementor-element-f5765bb elementor-widget elementor-widget-text-editor\" data-id=\"f5765bb\" data-element_type=\"widget\" data-e-type=\"widget\" data-widget_type=\"text-editor.default\">\n\t\t\t\t<div class=\"elementor-widget-container\">\n\t\t\t\t\t\t\t\t\t<p>La sant\u00e9 mentale en milieu professionnel est un enjeu de plus en plus central, impactant directement la qualit\u00e9 de vie au travail et la performance collective. <strong>Les troubles psychiques sont aujourd\u2019hui la 2<sup>e<\/sup> cause d\u2019invalidit\u00e9 en France<\/strong>, rappelant l\u2019importance d\u2019actions concr\u00e8tes en entreprise pour pr\u00e9venir ces situations*.<\/p>\n\n<p>Notre <strong>formation Bienveilleur en sant\u00e9 mentale<\/strong> permet aux collaborateurs de devenir des relais en sant\u00e9 mentale au travail. Form\u00e9s \u00e0 rep\u00e9rer les signaux faibles et \u00e0 \u00e9couter activement, ils sauront accompagner leurs coll\u00e8gues en difficult\u00e9 et les orienter vers les ressources adapt\u00e9es.<\/p>\n\n<p><em>*Source : <a href=\"https:\/\/www.ameli.fr\/assure\/sante\/themes\/troubles-psychiques\/comprendre-troubles-psychiques\" target=\"_blank\" rel=\"noopener\">ameli.fr \u2013 Comprendre les troubles psychiques<\/a><\/em><\/p>\t\t\t\t\t\t\t\t<\/div>\n\t\t\t\t<\/div>\n\t\t\t\t<div class=\"elementor-element elementor-element-191cccb elementor-widget elementor-widget-heading\" data-id=\"191cccb\" data-element_type=\"widget\" data-e-type=\"widget\" data-widget_type=\"heading.default\">\n\t\t\t\t<div class=\"elementor-widget-container\">\n\t\t\t\t\t<h3 class=\"elementor-heading-title elementor-size-default\">Objectifs op\u00e9rationnels de la formation <b>Bienveilleurs en sant\u00e9 mentale<\/b><\/h3>\t\t\t\t<\/div>\n\t\t\t\t<\/div>\n\t\t\t\t<div class=\"elementor-element elementor-element-a7e4329 elementor-widget elementor-widget-text-editor\" data-id=\"a7e4329\" data-element_type=\"widget\" data-e-type=\"widget\" data-widget_type=\"text-editor.default\">\n\t\t\t\t<div class=\"elementor-widget-container\">\n\t\t\t\t\t\t\t\t\t<ul><li aria-level=\"1\">Comprendre la sant\u00e9 mentale : d\u00e9finitions et statistiques nationales<\/li><li style=\"font-weight: 400;\" aria-level=\"1\"><span style=\"font-weight: 400;\">Lever les tabous autour de la sant\u00e9 mentale<\/span><\/li><li style=\"font-weight: 400;\" aria-level=\"1\"><span style=\"font-weight: 400;\">Comprendre les facteurs de risque\u00a0<\/span><\/li><li style=\"font-weight: 400;\" aria-level=\"1\"><span style=\"font-weight: 400;\">Rep\u00e9rer un mal-\u00eatre<\/span><\/li><li style=\"font-weight: 400;\" aria-level=\"1\"><span style=\"font-weight: 400;\">Apprendre \u00e0 \u00e9couter activement (programme sur journ\u00e9e compl\u00e8te)<\/span><\/li><li style=\"font-weight: 400;\" aria-level=\"1\"><span style=\"font-weight: 400;\">Savoir r\u00e9agir, prendre en charge et accompagner vers des structures adapt\u00e9es<\/span><\/li><\/ul>\t\t\t\t\t\t\t\t<\/div>\n\t\t\t\t<\/div>\n\t\t\t\t<div class=\"elementor-element elementor-element-d1ebdcb elementor-widget elementor-widget-heading\" data-id=\"d1ebdcb\" data-element_type=\"widget\" data-e-type=\"widget\" data-widget_type=\"heading.default\">\n\t\t\t\t<div class=\"elementor-widget-container\">\n\t\t\t\t\t<h3 class=\"elementor-heading-title elementor-size-default\">Contenu de la formation<\/h3>\t\t\t\t<\/div>\n\t\t\t\t<\/div>\n\t\t\t\t<div class=\"elementor-element elementor-element-28765be elementor-widget elementor-widget-text-editor\" data-id=\"28765be\" data-element_type=\"widget\" data-e-type=\"widget\" data-widget_type=\"text-editor.default\">\n\t\t\t\t<div class=\"elementor-widget-container\">\n\t\t\t\t\t\t\t\t\t<ul><li><strong>Introduction et accueil :<\/strong> feuille de pre\u0301sence, tour de table et pre\u0301sentation des objectifs<\/li><li><strong>Comprendre la sant\u00e9 mentale :<\/strong> D\u00e9finitions essentielles, chiffres cl\u00e9s et repr\u00e9sentations autour de la sant\u00e9 mentale en entreprise.<\/li><li><strong>Lever les tabous :<\/strong> D\u00e9construire les id\u00e9es re\u00e7ues et sensibiliser \u00e0 l\u2019importance du bien-\u00eatre psychologique au travail.<\/li><li><strong>Identifier les facteurs de risque et cons\u00e9quences :<\/strong> Explorer les sources de souffrance mentale et leurs impacts sur la performance<span class=\"OYPEnA font-feature-liga-off font-feature-clig-off font-feature-calt-off text-decoration-none text-strikethrough-none\">.<\/span><\/li><li><strong>Rep\u00e9rer les signes de mal-\u00eatre :<\/strong> Apprendre \u00e0 reconna\u00eetre les signaux d\u2019alerte d\u2019une d\u00e9tresse psychologique chez un coll\u00e8gue.<\/li><li><strong>D\u00e9velopper une \u00e9coute active :<\/strong> Acqu\u00e9rir les techniques d\u2019\u00e9coute bienveillante pour cr\u00e9er un climat de confiance (programme sur une journ\u00e9e compl\u00e8te).<\/li><li><strong>Savoir entrer en relation :<\/strong> Apprendre \u00e0 engager un \u00e9change de mani\u00e8re adapt\u00e9e et s\u00e9curisante<\/li><li><strong>Ressources d\u2019aide :<\/strong> D\u00e9couvrir les dispositifs disponibles pour accompagner les collaborateurs<span class=\"OYPEnA font-feature-liga-off font-feature-clig-off font-feature-calt-off text-decoration-none text-strikethrough-none\">.<\/span><\/li><li><strong>\u00c9valuation et validation des acquis :<\/strong> V\u00e9rification des comp\u00e9tences acquises pour assurer l\u2019atteinte des objectifs de la formation.<\/li><\/ul>\t\t\t\t\t\t\t\t<\/div>\n\t\t\t\t<\/div>\n\t\t\t\t<div class=\"elementor-element elementor-element-634a598 elementor-widget elementor-widget-heading\" data-id=\"634a598\" data-element_type=\"widget\" data-e-type=\"widget\" data-widget_type=\"heading.default\">\n\t\t\t\t<div class=\"elementor-widget-container\">\n\t\t\t\t\t<h3 class=\"elementor-heading-title elementor-size-default\">Accessibilit\u00e9<\/h3>\t\t\t\t<\/div>\n\t\t\t\t<\/div>\n\t\t\t\t<div class=\"elementor-element elementor-element-8352b7a elementor-widget elementor-widget-text-editor\" data-id=\"8352b7a\" data-element_type=\"widget\" data-e-type=\"widget\" data-widget_type=\"text-editor.default\">\n\t\t\t\t<div class=\"elementor-widget-container\">\n\t\t\t\t\t\t\t\t\t<p>Nos formations peuvent \u00eatre adapt\u00e9es, selon les cas, pour des personnes en situation de handicap. Si vous \u00eates concern\u00e9(s) merci de nous contacter afin d\u2019envisager ensemble la faisabilit\u00e9 et les modalit\u00e9s d\u2019adaptation qui pourraient \u00eatre envisag\u00e9es.<\/p><div>R\u00e9f\u00e9rente PSH : Laetitia RAYNAUD<\/div><div>E-mail : <a href=\"mailto:coordo@medisur.fr\">coordo@medisur.fr<\/a><\/div><div>N\u00b0 de t\u00e9l\u00e9phone : 0776579347<\/div><div>R\u00e9v : 12022025| R\u00e9f : V03\u00a0<\/div>\t\t\t\t\t\t\t\t<\/div>\n\t\t\t\t<\/div>\n\t\t\t\t<section class=\"elementor-section elementor-inner-section elementor-element elementor-element-9909e3e elementor-section-boxed elementor-section-height-default elementor-section-height-default\" data-id=\"9909e3e\" data-element_type=\"section\" data-e-type=\"section\" data-settings=\"{&quot;jet_parallax_layout_list&quot;:[],&quot;background_background&quot;:&quot;classic&quot;}\">\n\t\t\t\t\t\t<div class=\"elementor-container elementor-column-gap-default\">\n\t\t\t\t\t<div class=\"elementor-column elementor-col-100 elementor-inner-column elementor-element elementor-element-d1838d8\" data-id=\"d1838d8\" data-element_type=\"column\" data-e-type=\"column\">\n\t\t\t<div class=\"elementor-widget-wrap elementor-element-populated\">\n\t\t\t\t\t\t<div class=\"elementor-element elementor-element-7726167 elementor-widget elementor-widget-heading\" data-id=\"7726167\" data-element_type=\"widget\" data-e-type=\"widget\" data-widget_type=\"heading.default\">\n\t\t\t\t<div class=\"elementor-widget-container\">\n\t\t\t\t\t<h6 class=\"elementor-heading-title elementor-size-default\">Quand mettre en place une action pour le bien-\u00eatre mental des \u00e9quipes ? <\/h6>\t\t\t\t<\/div>\n\t\t\t\t<\/div>\n\t\t\t\t<div class=\"elementor-element elementor-element-95330a6 elementor-widget elementor-widget-text-editor\" data-id=\"95330a6\" data-element_type=\"widget\" data-e-type=\"widget\" data-widget_type=\"text-editor.default\">\n\t\t\t\t<div class=\"elementor-widget-container\">\n\t\t\t\t\t\t\t\t\t<p><b>JANVIER<\/b><br>\nBlue monday<\/p>\n<p><b style=\"font-size: 0.9em;\">FEVRIER<\/b><\/p><p>Journ\u00e9e de la pr\u00e9vention du suicide<\/p>\n<p><b>MARS<\/b><br>\nSemaine d\u2019information pour la sant\u00e9 mentale<\/p>\n<p><b>AVRIL<\/b><br>\nJourn\u00e9e mondiale de la s\u00e9curit\u00e9 et la sant\u00e9 au travail<\/p>\n<p><b>JUIN<\/b><br>\nJourn\u00e9e mondiale du bien-\u00eatre<br>\nSemaine de&nbsp;la qualit\u00e9 de vie au travail (QVT)<\/p>\n<p><b>SEPTEMBRE<\/b><br>\nJourn\u00e9e mondiale de pr\u00e9vention suicide<\/p>\n<p><strong>OCTOBRE<\/strong><br>\nJourn\u00e9e mondiale de la sant\u00e9 mentale<br>\nJourn\u00e9e de la d\u00e9pression<\/p>\t\t\t\t\t\t\t\t<\/div>\n\t\t\t\t<\/div>\n\t\t\t\t\t<\/div>\n\t\t<\/div>\n\t\t\t\t\t<\/div>\n\t\t<\/section>\n\t\t\t\t\t<\/div>\n\t\t<\/div>\n\t\t\t\t<div class=\"elementor-column elementor-col-50 elementor-top-column elementor-element elementor-element-edec8e9\" data-id=\"edec8e9\" data-element_type=\"column\" data-e-type=\"column\">\n\t\t\t<div class=\"elementor-widget-wrap elementor-element-populated\">\n\t\t\t\t\t\t<div class=\"elementor-element elementor-element-431faf5 elementor-widget elementor-widget-heading\" data-id=\"431faf5\" data-element_type=\"widget\" data-e-type=\"widget\" data-widget_type=\"heading.default\">\n\t\t\t\t<div class=\"elementor-widget-container\">\n\t\t\t\t\t<h4 class=\"elementor-heading-title elementor-size-default\">Infos pratiques<\/h4>\t\t\t\t<\/div>\n\t\t\t\t<\/div>\n\t\t\t\t<div class=\"elementor-element elementor-element-2322e7c elementor-widget elementor-widget-jet-team-member\" data-id=\"2322e7c\" data-element_type=\"widget\" data-e-type=\"widget\" data-widget_type=\"jet-team-member.default\">\n\t\t\t\t<div class=\"elementor-widget-container\">\n\t\t\t\t\t<div class=\"elementor-jet-team-member jet-elements\"><div class=\"jet-team-member\">\n\t<div class=\"jet-team-member__inner\">\n\t\t\t<div class=\"jet-team-member__image\">\n\t\t\t<div class=\"jet-team-member__cover\"><\/div>\n\t\t\t\t\t<\/div>\n\t\t<div class=\"jet-team-member__content\"><h3 class=\"jet-team-member__name\"><span class=\"jet-team-member__name-first\">Format et Dur\u00e9e<\/span><\/h3><p class=\"jet-team-member__desc\">Formation en pr\u00e9sentiel (INTRA)\n<\/br>Demi-journ\u00e9e (3H30) ou journ\u00e9e (7H)<\/br>\nFormation en distanciel (3H30)<\/br>Groupe de 15 \u00e0 20 personnes<\/p><div class=\"jet-team-member__socials\"><\/div><\/div>\n\t<\/div>\n\t<\/div>\n<\/div>\t\t\t\t<\/div>\n\t\t\t\t<\/div>\n\t\t\t\t<div class=\"elementor-element elementor-element-c299890 elementor-widget elementor-widget-jet-team-member\" data-id=\"c299890\" data-element_type=\"widget\" data-e-type=\"widget\" data-widget_type=\"jet-team-member.default\">\n\t\t\t\t<div class=\"elementor-widget-container\">\n\t\t\t\t\t<div class=\"elementor-jet-team-member jet-elements\"><div class=\"jet-team-member\">\n\t<div class=\"jet-team-member__inner\">\n\t\t\t<div class=\"jet-team-member__image\">\n\t\t\t<div class=\"jet-team-member__cover\"><\/div>\n\t\t\t\t\t<\/div>\n\t\t<div class=\"jet-team-member__content\"><h6 class=\"jet-team-member__name\"><span class=\"jet-team-member__name-first\">Public<\/span><\/h6><p class=\"jet-team-member__desc\">Collaborateurs<\/p><div class=\"jet-team-member__socials\"><\/div><\/div>\n\t<\/div>\n\t<\/div>\n<\/div>\t\t\t\t<\/div>\n\t\t\t\t<\/div>\n\t\t\t\t<div class=\"elementor-element elementor-element-7b38616 elementor-widget elementor-widget-jet-team-member\" data-id=\"7b38616\" data-element_type=\"widget\" data-e-type=\"widget\" data-widget_type=\"jet-team-member.default\">\n\t\t\t\t<div class=\"elementor-widget-container\">\n\t\t\t\t\t<div class=\"elementor-jet-team-member jet-elements\"><div class=\"jet-team-member\">\n\t<div class=\"jet-team-member__inner\">\n\t\t\t<div class=\"jet-team-member__image\">\n\t\t\t<div class=\"jet-team-member__cover\"><\/div>\n\t\t\t\t\t<\/div>\n\t\t<div class=\"jet-team-member__content\"><h6 class=\"jet-team-member__name\"><span class=\"jet-team-member__name-first\">Pr\u00e9-requis<\/span><\/h6><p class=\"jet-team-member__desc\">Aucun<\/p><div class=\"jet-team-member__socials\"><\/div><\/div>\n\t<\/div>\n\t<\/div>\n<\/div>\t\t\t\t<\/div>\n\t\t\t\t<\/div>\n\t\t\t\t<div class=\"elementor-element elementor-element-2f8c533 elementor-widget elementor-widget-jet-team-member\" data-id=\"2f8c533\" data-element_type=\"widget\" data-e-type=\"widget\" data-widget_type=\"jet-team-member.default\">\n\t\t\t\t<div class=\"elementor-widget-container\">\n\t\t\t\t\t<div class=\"elementor-jet-team-member jet-elements\"><div class=\"jet-team-member\">\n\t<div class=\"jet-team-member__inner\">\n\t\t\t<div class=\"jet-team-member__image\">\n\t\t\t<div class=\"jet-team-member__cover\"><\/div>\n\t\t\t\t\t<\/div>\n\t\t<div class=\"jet-team-member__content\"><h6 class=\"jet-team-member__name\"><span class=\"jet-team-member__name-first\">Moyens p\u00e9dagogiques<\/span><\/h6><p class=\"jet-team-member__desc\">Support de cours<\/br>\nQuestionnaire<\/br>\nQuiz\n<\/br>Exploitation de vid\u00e9o\n<\/br>Mise en situation<\/p><div class=\"jet-team-member__socials\"><\/div><\/div>\n\t<\/div>\n\t<\/div>\n<\/div>\t\t\t\t<\/div>\n\t\t\t\t<\/div>\n\t\t\t\t<div class=\"elementor-element elementor-element-55bf1aa elementor-widget elementor-widget-jet-team-member\" data-id=\"55bf1aa\" data-element_type=\"widget\" data-e-type=\"widget\" data-widget_type=\"jet-team-member.default\">\n\t\t\t\t<div class=\"elementor-widget-container\">\n\t\t\t\t\t<div class=\"elementor-jet-team-member jet-elements\"><div class=\"jet-team-member\">\n\t<div class=\"jet-team-member__inner\">\n\t\t\t<div class=\"jet-team-member__image\">\n\t\t\t<div class=\"jet-team-member__cover\"><\/div>\n\t\t\t\t\t<\/div>\n\t\t<div class=\"jet-team-member__content\"><h6 class=\"jet-team-member__name\"><span class=\"jet-team-member__name-first\">Modalit\u00e9s d'\u00e9valuation<\/span><\/h6><p class=\"jet-team-member__desc\">\u00c9valuation en cours et en fin de formation\n<\/br>Certificat de r\u00e9alisation et d'aptitude pour chaque participant<\/p><div class=\"jet-team-member__socials\"><\/div><\/div>\n\t<\/div>\n\t<\/div>\n<\/div>\t\t\t\t<\/div>\n\t\t\t\t<\/div>\n\t\t\t\t<div class=\"elementor-element elementor-element-df678d3 elementor-widget elementor-widget-jet-team-member\" data-id=\"df678d3\" data-element_type=\"widget\" data-e-type=\"widget\" data-widget_type=\"jet-team-member.default\">\n\t\t\t\t<div class=\"elementor-widget-container\">\n\t\t\t\t\t<div class=\"elementor-jet-team-member jet-elements\"><div class=\"jet-team-member\">\n\t<div class=\"jet-team-member__inner\">\n\t\t\t<div class=\"jet-team-member__image\">\n\t\t\t<div class=\"jet-team-member__cover\"><\/div>\n\t\t\t\t\t<\/div>\n\t\t<div class=\"jet-team-member__content\"><h6 class=\"jet-team-member__name\"><span class=\"jet-team-member__name-first\">Modalit\u00e9s et d\u00e9lais d'acc\u00e8s<\/span><\/h6><p class=\"jet-team-member__desc\">Les modalit\u00e9s et d\u00e9lais d\u2019acc\u00e8s sont \u00e0 valider lors d\u2019un entretien t\u00e9l\u00e9phonique, mail sur demande de devis (d\u00e9lai de r\u00e9ponse sous 7 \u00e0 15 jours)<\/p><div class=\"jet-team-member__socials\"><\/div><\/div>\n\t<\/div>\n\t<\/div>\n<\/div>\t\t\t\t<\/div>\n\t\t\t\t<\/div>\n\t\t\t\t<div class=\"elementor-element elementor-element-b099f64 elementor-widget elementor-widget-jet-team-member\" data-id=\"b099f64\" data-element_type=\"widget\" data-e-type=\"widget\" data-widget_type=\"jet-team-member.default\">\n\t\t\t\t<div class=\"elementor-widget-container\">\n\t\t\t\t\t<div class=\"elementor-jet-team-member jet-elements\"><div class=\"jet-team-member\">\n\t<div class=\"jet-team-member__inner\">\n\t\t\t<div class=\"jet-team-member__image\">\n\t\t\t<div class=\"jet-team-member__cover\"><\/div>\n\t\t\t\t\t<\/div>\n\t\t<div class=\"jet-team-member__content\"><h6 class=\"jet-team-member__name\"><span class=\"jet-team-member__name-first\">Intervenant<\/span><\/h6><p class=\"jet-team-member__desc\">Formateur Expert en Sant\u00e9 mentale<\/p><div class=\"jet-team-member__socials\"><\/div><\/div>\n\t<\/div>\n\t<\/div>\n<\/div>\t\t\t\t<\/div>\n\t\t\t\t<\/div>\n\t\t\t\t<div class=\"elementor-element elementor-element-bb53eb0 elementor-widget elementor-widget-jet-team-member\" data-id=\"bb53eb0\" data-element_type=\"widget\" data-e-type=\"widget\" data-widget_type=\"jet-team-member.default\">\n\t\t\t\t<div class=\"elementor-widget-container\">\n\t\t\t\t\t<div class=\"elementor-jet-team-member jet-elements\"><div class=\"jet-team-member\">\n\t<div class=\"jet-team-member__inner\">\n\t\t\t<div class=\"jet-team-member__image\">\n\t\t\t<div class=\"jet-team-member__cover\"><\/div>\n\t\t\t\t\t<\/div>\n\t\t<div class=\"jet-team-member__content\"><h6 class=\"jet-team-member__name\"><span class=\"jet-team-member__name-first\">Tarif<\/span><\/h6><p class=\"jet-team-member__desc\">Nous consulter pour une demande de devis<\/p><div class=\"jet-team-member__socials\"><\/div><\/div>\n\t<\/div>\n\t<\/div>\n<\/div>\t\t\t\t<\/div>\n\t\t\t\t<\/div>\n\t\t\t\t\t<\/div>\n\t\t<\/div>\n\t\t\t\t\t<\/div>\n\t\t<\/section>\n\t\t\t\t<section class=\"elementor-section elementor-top-section elementor-element elementor-element-1331ad4 elementor-section-boxed elementor-section-height-default elementor-section-height-default\" data-id=\"1331ad4\" data-element_type=\"section\" data-e-type=\"section\" data-settings=\"{&quot;jet_parallax_layout_list&quot;:[]}\">\n\t\t\t\t\t\t<div class=\"elementor-container elementor-column-gap-default\">\n\t\t\t\t\t<div class=\"elementor-column elementor-col-100 elementor-top-column elementor-element elementor-element-d0c4e4e\" data-id=\"d0c4e4e\" data-element_type=\"column\" data-e-type=\"column\">\n\t\t\t<div class=\"elementor-widget-wrap elementor-element-populated\">\n\t\t\t\t\t\t<div class=\"elementor-element elementor-element-a3ccebf elementor-widget elementor-widget-heading\" data-id=\"a3ccebf\" data-element_type=\"widget\" data-e-type=\"widget\" data-widget_type=\"heading.default\">\n\t\t\t\t<div class=\"elementor-widget-container\">\n\t\t\t\t\t<h6 class=\"elementor-heading-title elementor-size-default\">Cela peut vous int\u00e9resser<\/h6>\t\t\t\t<\/div>\n\t\t\t\t<\/div>\n\t\t\t\t<div class=\"elementor-element elementor-element-f4ff626 elementor-widget elementor-widget-heading\" data-id=\"f4ff626\" data-element_type=\"widget\" data-e-type=\"widget\" data-widget_type=\"heading.default\">\n\t\t\t\t<div class=\"elementor-widget-container\">\n\t\t\t\t\t<h2 class=\"elementor-heading-title elementor-size-default\"><a href=\"\/sante-mentale\/\">Les autres modules de Medisur pour la <span style=\"color:#66CCCC\">Sant\u00e9 mentale<\/span><\/a><\/h2>\t\t\t\t<\/div>\n\t\t\t\t<\/div>\n\t\t\t\t<div class=\"elementor-element elementor-element-57ac747 elementor-widget elementor-widget-text-editor\" data-id=\"57ac747\" data-element_type=\"widget\" data-e-type=\"widget\" data-widget_type=\"text-editor.default\">\n\t\t\t\t<div class=\"elementor-widget-container\">\n\t\t\t\t\t\t\t\t\t<p>N&#8217;en restez pas l\u00e0, compl\u00e9tez votre action de pr\u00e9vention sant\u00e9 aupr\u00e8s de vos \u00e9quipes :<\/p>\t\t\t\t\t\t\t\t<\/div>\n\t\t\t\t<\/div>\n\t\t\t\t<section class=\"elementor-section elementor-inner-section elementor-element elementor-element-9285526 elementor-section-boxed elementor-section-height-default elementor-section-height-default\" data-id=\"9285526\" data-element_type=\"section\" data-e-type=\"section\" data-settings=\"{&quot;jet_parallax_layout_list&quot;:[]}\">\n\t\t\t\t\t\t<div class=\"elementor-container elementor-column-gap-default\">\n\t\t\t\t\t<div class=\"elementor-column elementor-col-25 elementor-inner-column elementor-element elementor-element-afcfed6\" data-id=\"afcfed6\" data-element_type=\"column\" data-e-type=\"column\">\n\t\t\t<div class=\"elementor-widget-wrap elementor-element-populated\">\n\t\t\t\t\t\t<div class=\"elementor-element elementor-element-339cbe1 elementor-widget elementor-widget-jet-team-member\" data-id=\"339cbe1\" data-element_type=\"widget\" data-e-type=\"widget\" data-widget_type=\"jet-team-member.default\">\n\t\t\t\t<div class=\"elementor-widget-container\">\n\t\t\t\t\t<div class=\"elementor-jet-team-member jet-elements\"><div class=\"jet-team-member\">\n\t<div class=\"jet-team-member__inner\">\n\t\t\t<div class=\"jet-team-member__image\">\n\t\t\t<div class=\"jet-team-member__cover\"><\/div>\n\t\t\t<figure class=\"jet-team-member__figure\"><img fetchpriority=\"high\" decoding=\"async\" width=\"300\" height=\"300\" src=\"https:\/\/www.medisur.fr\/wp-content\/uploads\/2024\/03\/Module-bien-etre-mental-au-travail.png\" class=\"jet-team-member__img-tag\" alt=\"atelier participatif pour am\u00e9liorer le bien-\u00eatre mental au travail\" srcset=\"https:\/\/www.medisur.fr\/wp-content\/uploads\/2024\/03\/Module-bien-etre-mental-au-travail.png 300w, https:\/\/www.medisur.fr\/wp-content\/uploads\/2024\/03\/Module-bien-etre-mental-au-travail-100x100.png 100w, https:\/\/www.medisur.fr\/wp-content\/uploads\/2024\/03\/Module-bien-etre-mental-au-travail-150x150.png 150w, https:\/\/www.medisur.fr\/wp-content\/uploads\/2024\/03\/Module-bien-etre-mental-au-travail-12x12.png 12w\" sizes=\"(max-width: 300px) 100vw, 300px\" \/><\/figure>\t\t<\/div>\n\t\t<div class=\"jet-team-member__content\"><h3 class=\"jet-team-member__name\"><span class=\"jet-team-member__name-first\">Bien-\u00eatre mental au travail<\/br><\/span><span class=\"jet-team-member__name-last\"> ATELIER PARTICIPATIF<\/span><\/h3><p class=\"jet-team-member__desc\">D\u00e9velopper leurs <b>comp\u00e9tences psychosociales (CPS)<\/b> afin de pr\u00e9venir les RPS et favoriser le bien-\u00eatre mental au travail et un environnement sain<\/p><div class=\"jet-team-member__socials\"><div class=\"jet-team-member__socials-item\"><a href=\"https:\/\/www.medisur.fr\/sante-mentale\/atelier-bien-etre-mental-au-travail\/\" aria-label=\"D\u00e9couvrir\"><span class=\"jet-team-member__socials-label\">D\u00e9couvrir<\/span><\/a><\/div><\/div><\/div>\n\t<\/div>\n\t<\/div>\n<\/div>\t\t\t\t<\/div>\n\t\t\t\t<\/div>\n\t\t\t\t\t<\/div>\n\t\t<\/div>\n\t\t\t\t<div class=\"elementor-column elementor-col-25 elementor-inner-column elementor-element elementor-element-adf3b86\" data-id=\"adf3b86\" data-element_type=\"column\" data-e-type=\"column\">\n\t\t\t<div class=\"elementor-widget-wrap elementor-element-populated\">\n\t\t\t\t\t\t<div class=\"elementor-element elementor-element-bf211c4 elementor-widget elementor-widget-jet-team-member\" data-id=\"bf211c4\" data-element_type=\"widget\" data-e-type=\"widget\" data-widget_type=\"jet-team-member.default\">\n\t\t\t\t<div class=\"elementor-widget-container\">\n\t\t\t\t\t<div class=\"elementor-jet-team-member jet-elements\"><div class=\"jet-team-member\">\n\t<div class=\"jet-team-member__inner\">\n\t\t\t<div class=\"jet-team-member__image\">\n\t\t\t<div class=\"jet-team-member__cover\"><\/div>\n\t\t\t<figure class=\"jet-team-member__figure\"><img decoding=\"async\" width=\"300\" height=\"300\" src=\"https:\/\/www.medisur.fr\/wp-content\/uploads\/2024\/03\/Atelier-cultiver-la-serenite.png\" class=\"jet-team-member__img-tag\" alt=\"atelier cultiver la s\u00e9r\u00e9nit\u00e9 au travail pour apprendre \u00e0 am\u00e9liorer les interactions professionnelles entre les salari\u00e9s\" srcset=\"https:\/\/www.medisur.fr\/wp-content\/uploads\/2024\/03\/Atelier-cultiver-la-serenite.png 300w, https:\/\/www.medisur.fr\/wp-content\/uploads\/2024\/03\/Atelier-cultiver-la-serenite-100x100.png 100w, https:\/\/www.medisur.fr\/wp-content\/uploads\/2024\/03\/Atelier-cultiver-la-serenite-150x150.png 150w, https:\/\/www.medisur.fr\/wp-content\/uploads\/2024\/03\/Atelier-cultiver-la-serenite-12x12.png 12w\" sizes=\"(max-width: 300px) 100vw, 300px\" \/><\/figure>\t\t<\/div>\n\t\t<div class=\"jet-team-member__content\"><h3 class=\"jet-team-member__name\"><span class=\"jet-team-member__name-first\">Cultiver la s\u00e9r\u00e9nit\u00e9 au travail<br\/><\/span><span class=\"jet-team-member__name-last\"> ATELIER PARTICIPATIF<\/span><\/h3><p class=\"jet-team-member__desc\">Renforcer les relations professionnelles gr\u00e2ce \u00e0 la <b>communication positive, l\u2019\u00e9coute active et la mindfulness<\/b> (pleine conscience)<\/p><div class=\"jet-team-member__socials\"><div class=\"jet-team-member__socials-item\"><a href=\"https:\/\/www.medisur.fr\/sante-mentale\/atelier-cultiver-la-serenite-au-travail\/\" aria-label=\"D\u00e9couvrir\"><span class=\"jet-team-member__socials-label\">D\u00e9couvrir<\/span><\/a><\/div><\/div><\/div>\n\t<\/div>\n\t<\/div>\n<\/div>\t\t\t\t<\/div>\n\t\t\t\t<\/div>\n\t\t\t\t\t<\/div>\n\t\t<\/div>\n\t\t\t\t<div class=\"elementor-column elementor-col-25 elementor-inner-column elementor-element elementor-element-81e2a72\" data-id=\"81e2a72\" data-element_type=\"column\" data-e-type=\"column\">\n\t\t\t<div class=\"elementor-widget-wrap elementor-element-populated\">\n\t\t\t\t\t\t<div class=\"elementor-element elementor-element-f2a6255 elementor-widget elementor-widget-jet-team-member\" data-id=\"f2a6255\" data-element_type=\"widget\" data-e-type=\"widget\" data-widget_type=\"jet-team-member.default\">\n\t\t\t\t<div class=\"elementor-widget-container\">\n\t\t\t\t\t<div class=\"elementor-jet-team-member jet-elements\"><div class=\"jet-team-member\">\n\t<div class=\"jet-team-member__inner\">\n\t\t\t<div class=\"jet-team-member__image\">\n\t\t\t<div class=\"jet-team-member__cover\"><\/div>\n\t\t\t<figure class=\"jet-team-member__figure\"><img decoding=\"async\" width=\"300\" height=\"300\" src=\"https:\/\/www.medisur.fr\/wp-content\/uploads\/2025\/03\/formation-intervenant-sante-mentale-managers-qualiopi-entreprise.png\" class=\"jet-team-member__img-tag\" alt=\"managers suivant une formation d&#039;intervenant en sant\u00e9 mentale en entreprise\" srcset=\"https:\/\/www.medisur.fr\/wp-content\/uploads\/2025\/03\/formation-intervenant-sante-mentale-managers-qualiopi-entreprise.png 300w, https:\/\/www.medisur.fr\/wp-content\/uploads\/2025\/03\/formation-intervenant-sante-mentale-managers-qualiopi-entreprise-100x100.png 100w, https:\/\/www.medisur.fr\/wp-content\/uploads\/2025\/03\/formation-intervenant-sante-mentale-managers-qualiopi-entreprise-150x150.png 150w, https:\/\/www.medisur.fr\/wp-content\/uploads\/2025\/03\/formation-intervenant-sante-mentale-managers-qualiopi-entreprise-12x12.png 12w\" sizes=\"(max-width: 300px) 100vw, 300px\" \/><\/figure>\t\t<\/div>\n\t\t<div class=\"jet-team-member__content\"><h3 class=\"jet-team-member__name\"><span class=\"jet-team-member__name-first\">Formation Intervenant en sant\u00e9 mentale<\/br><\/span><span class=\"jet-team-member__name-last\"> MANAGERS<\/span><\/h3><p class=\"jet-team-member__desc\">Permettre aux managers de <b>rep\u00e9rer les signes d\u2019un mal-\u00eatre<\/b> et d\u2019agir efficacement face \u00e0 un collaborateur en d\u00e9tresse. <\/p><div class=\"jet-team-member__socials\"><div class=\"jet-team-member__socials-item\"><a href=\"https:\/\/www.medisur.fr\/sante-mentale\/formation-intervenants-en-sante-mentale\/\" aria-label=\"D\u00e9couvrir\"><span class=\"jet-team-member__socials-label\">D\u00e9couvrir<\/span><\/a><\/div><\/div><\/div>\n\t<\/div>\n\t<\/div>\n<\/div>\t\t\t\t<\/div>\n\t\t\t\t<\/div>\n\t\t\t\t\t<\/div>\n\t\t<\/div>\n\t\t\t\t<div class=\"elementor-column elementor-col-25 elementor-inner-column elementor-element elementor-element-bd09caf\" data-id=\"bd09caf\" data-element_type=\"column\" data-e-type=\"column\">\n\t\t\t<div class=\"elementor-widget-wrap elementor-element-populated\">\n\t\t\t\t\t\t<div class=\"elementor-element elementor-element-c7dfa87 elementor-widget elementor-widget-jet-team-member\" data-id=\"c7dfa87\" data-element_type=\"widget\" data-e-type=\"widget\" data-widget_type=\"jet-team-member.default\">\n\t\t\t\t<div class=\"elementor-widget-container\">\n\t\t\t\t\t<div class=\"elementor-jet-team-member jet-elements\"><div class=\"jet-team-member\">\n\t<div class=\"jet-team-member__inner\">\n\t\t\t<div class=\"jet-team-member__image\">\n\t\t\t<div class=\"jet-team-member__cover\"><\/div>\n\t\t\t<figure class=\"jet-team-member__figure\"><img loading=\"lazy\" decoding=\"async\" width=\"300\" height=\"300\" src=\"https:\/\/www.medisur.fr\/wp-content\/uploads\/2025\/02\/carte-webinaires-sensibilisation-sante-mentale-entreprise.png\" class=\"jet-team-member__img-tag\" alt=\"illustration d&#039;un employ\u00e9 qui prend soin de sa sant\u00e9 mentale lors d&#039;un webinaire en entreprise\" srcset=\"https:\/\/www.medisur.fr\/wp-content\/uploads\/2025\/02\/carte-webinaires-sensibilisation-sante-mentale-entreprise.png 300w, https:\/\/www.medisur.fr\/wp-content\/uploads\/2025\/02\/carte-webinaires-sensibilisation-sante-mentale-entreprise-100x100.png 100w, https:\/\/www.medisur.fr\/wp-content\/uploads\/2025\/02\/carte-webinaires-sensibilisation-sante-mentale-entreprise-150x150.png 150w, https:\/\/www.medisur.fr\/wp-content\/uploads\/2025\/02\/carte-webinaires-sensibilisation-sante-mentale-entreprise-12x12.png 12w\" sizes=\"(max-width: 300px) 100vw, 300px\" \/><\/figure>\t\t<\/div>\n\t\t<div class=\"jet-team-member__content\"><h3 class=\"jet-team-member__name\"><span class=\"jet-team-member__name-first\">Programme sensibilisation <\/br>sant\u00e9 mentale<\/br><\/span><span class=\"jet-team-member__name-last\"> BIEN-\u00caTRE MENTAL<\/span><\/h3><p class=\"jet-team-member__desc\">Sensibiliser et accompagner les \u00e9quipes dans la <b>compr\u00e9hension et la pr\u00e9vention de la sant\u00e9 mentale<\/b> au travail<\/p><div class=\"jet-team-member__socials\"><div class=\"jet-team-member__socials-item\"><a href=\"https:\/\/www.medisur.fr\/sante-mentale\/sensibilisation-sante-mentale\" aria-label=\"D\u00e9couvrir\"><span class=\"jet-team-member__socials-label\">D\u00e9couvrir<\/span><\/a><\/div><\/div><\/div>\n\t<\/div>\n\t<\/div>\n<\/div>\t\t\t\t<\/div>\n\t\t\t\t<\/div>\n\t\t\t\t\t<\/div>\n\t\t<\/div>\n\t\t\t\t\t<\/div>\n\t\t<\/section>\n\t\t\t\t\t<\/div>\n\t\t<\/div>\n\t\t\t\t\t<\/div>\n\t\t<\/section>\n\t\t\t\t<section class=\"elementor-section elementor-top-section elementor-element elementor-element-6a831f0e elementor-section-boxed elementor-section-height-default elementor-section-height-default\" data-id=\"6a831f0e\" data-element_type=\"section\" data-e-type=\"section\" data-settings=\"{&quot;jet_parallax_layout_list&quot;:[],&quot;background_background&quot;:&quot;classic&quot;}\">\n\t\t\t\t\t\t<div class=\"elementor-container elementor-column-gap-default\">\n\t\t\t\t\t<div class=\"elementor-column elementor-col-50 elementor-top-column elementor-element elementor-element-71b1666\" data-id=\"71b1666\" data-element_type=\"column\" data-e-type=\"column\">\n\t\t\t<div class=\"elementor-widget-wrap elementor-element-populated\">\n\t\t\t\t\t\t<div class=\"elementor-element elementor-element-29c2d929 elementor-widget elementor-widget-image\" data-id=\"29c2d929\" data-element_type=\"widget\" data-e-type=\"widget\" data-widget_type=\"image.default\">\n\t\t\t\t<div class=\"elementor-widget-container\">\n\t\t\t\t\t\t\t\t\t\t\t\t\t\t\t<img loading=\"lazy\" decoding=\"async\" width=\"300\" height=\"300\" src=\"https:\/\/www.medisur.fr\/wp-content\/uploads\/2025\/02\/catalogue.png\" class=\"attachment-large size-large wp-image-20110\" alt=\"catalogue de services et d&#039;actions sant\u00e9 globale, bien-\u00eatre et s\u00e9curit\u00e9 de medisur en entreprise\" srcset=\"https:\/\/www.medisur.fr\/wp-content\/uploads\/2025\/02\/catalogue.png 300w, https:\/\/www.medisur.fr\/wp-content\/uploads\/2025\/02\/catalogue-100x100.png 100w, https:\/\/www.medisur.fr\/wp-content\/uploads\/2025\/02\/catalogue-150x150.png 150w, https:\/\/www.medisur.fr\/wp-content\/uploads\/2025\/02\/catalogue-12x12.png 12w\" sizes=\"(max-width: 300px) 100vw, 300px\" \/>\t\t\t\t\t\t\t\t\t\t\t\t\t\t\t<\/div>\n\t\t\t\t<\/div>\n\t\t\t\t\t<\/div>\n\t\t<\/div>\n\t\t\t\t<div class=\"elementor-column elementor-col-50 elementor-top-column elementor-element elementor-element-6b8f99ab\" data-id=\"6b8f99ab\" data-element_type=\"column\" data-e-type=\"column\">\n\t\t\t<div class=\"elementor-widget-wrap elementor-element-populated\">\n\t\t\t\t\t\t<div class=\"elementor-element elementor-element-38321f8c elementor-widget elementor-widget-heading\" data-id=\"38321f8c\" data-element_type=\"widget\" data-e-type=\"widget\" data-widget_type=\"heading.default\">\n\t\t\t\t<div class=\"elementor-widget-container\">\n\t\t\t\t\t<h5 class=\"elementor-heading-title elementor-size-default\">CATALOGUE<\/h5>\t\t\t\t<\/div>\n\t\t\t\t<\/div>\n\t\t\t\t<div class=\"elementor-element elementor-element-30f4a223 elementor-widget elementor-widget-text-editor\" data-id=\"30f4a223\" data-element_type=\"widget\" data-e-type=\"widget\" data-widget_type=\"text-editor.default\">\n\t\t\t\t<div class=\"elementor-widget-container\">\n\t\t\t\t\t\t\t\t\t<p>Vous souhaitez agir pour la sant\u00e9, la qualit\u00e9 de Vie (QVT) et la s\u00e9curit\u00e9 de vos \u00e9quipes et booster les performances de votre organisation ? T\u00e9l\u00e9chargez notre catalogue d&#8217;actions sant\u00e9.\u00a0<\/p>\t\t\t\t\t\t\t\t<\/div>\n\t\t\t\t<\/div>\n\t\t\t\t<div class=\"elementor-element elementor-element-59908b2c elementor-align-center elementor-widget elementor-widget-button\" data-id=\"59908b2c\" data-element_type=\"widget\" data-e-type=\"widget\" data-widget_type=\"button.default\">\n\t\t\t\t<div class=\"elementor-widget-container\">\n\t\t\t\t\t\t\t\t\t<div class=\"elementor-button-wrapper\">\n\t\t\t\t\t<a class=\"elementor-button elementor-button-link elementor-size-sm elementor-animation-shrink\" href=\"https:\/\/www.medisur.fr\/catalogue\/\">\n\t\t\t\t\t\t<span class=\"elementor-button-content-wrapper\">\n\t\t\t\t\t\t<span class=\"elementor-button-icon\">\n\t\t\t\t<i aria-hidden=\"true\" class=\"fas fa-chevron-circle-right\"><\/i>\t\t\t<\/span>\n\t\t\t\t\t\t\t\t\t<span class=\"elementor-button-text\">Voir notre catalogue complet<\/span>\n\t\t\t\t\t<\/span>\n\t\t\t\t\t<\/a>\n\t\t\t\t<\/div>\n\t\t\t\t\t\t\t\t<\/div>\n\t\t\t\t<\/div>\n\t\t\t\t\t<\/div>\n\t\t<\/div>\n\t\t\t\t\t<\/div>\n\t\t<\/section>\n\t\t\t\t<section class=\"elementor-section elementor-top-section elementor-element elementor-element-265a422a elementor-section-boxed elementor-section-height-default elementor-section-height-default\" data-id=\"265a422a\" data-element_type=\"section\" data-e-type=\"section\" data-settings=\"{&quot;jet_parallax_layout_list&quot;:[],&quot;background_background&quot;:&quot;classic&quot;}\">\n\t\t\t\t\t\t\t<div class=\"elementor-background-overlay\"><\/div>\n\t\t\t\t\t\t\t<div class=\"elementor-container elementor-column-gap-extended\">\n\t\t\t\t\t<div class=\"elementor-column elementor-col-50 elementor-top-column elementor-element elementor-element-19970f23\" data-id=\"19970f23\" data-element_type=\"column\" data-e-type=\"column\">\n\t\t\t<div class=\"elementor-widget-wrap elementor-element-populated\">\n\t\t\t\t\t\t<div class=\"elementor-element elementor-element-201fe490 elementor-widget elementor-widget-heading\" data-id=\"201fe490\" data-element_type=\"widget\" data-e-type=\"widget\" data-widget_type=\"heading.default\">\n\t\t\t\t<div class=\"elementor-widget-container\">\n\t\t\t\t\t<h6 class=\"elementor-heading-title elementor-size-default\">Une exp\u00e9rience unique<\/h6>\t\t\t\t<\/div>\n\t\t\t\t<\/div>\n\t\t\t\t<div class=\"elementor-element elementor-element-23f06a96 elementor-widget elementor-widget-heading\" data-id=\"23f06a96\" data-element_type=\"widget\" data-e-type=\"widget\" data-widget_type=\"heading.default\">\n\t\t\t\t<div class=\"elementor-widget-container\">\n\t\t\t\t\t<h5 class=\"elementor-heading-title elementor-size-default\">La m\u00e9thode <span style=\"color:#66CCCC\">Medisur<\/span><\/h5>\t\t\t\t<\/div>\n\t\t\t\t<\/div>\n\t\t\t\t<div class=\"elementor-element elementor-element-615d764a elementor-widget elementor-widget-text-editor\" data-id=\"615d764a\" data-element_type=\"widget\" data-e-type=\"widget\" data-widget_type=\"text-editor.default\">\n\t\t\t\t<div class=\"elementor-widget-container\">\n\t\t\t\t\t\t\t\t\t<p>Un <b>processus concret <\/b>combinant sensibilisation, mise en pratique avec la Box sant\u00e9 by Medisur et dialogue avec des experts en sant\u00e9.<\/p>\t\t\t\t\t\t\t\t<\/div>\n\t\t\t\t<\/div>\n\t\t\t\t\t<\/div>\n\t\t<\/div>\n\t\t\t\t<div class=\"elementor-column elementor-col-50 elementor-top-column elementor-element elementor-element-72cf8963\" data-id=\"72cf8963\" data-element_type=\"column\" data-e-type=\"column\">\n\t\t\t<div class=\"elementor-widget-wrap elementor-element-populated\">\n\t\t\t\t\t\t<div class=\"elementor-element elementor-element-550f4e1 elementor-widget elementor-widget-video\" data-id=\"550f4e1\" data-element_type=\"widget\" data-e-type=\"widget\" data-settings=\"{&quot;youtube_url&quot;:&quot;https:\\\/\\\/www.youtube.com\\\/watch?v=e63hRa3qjD0&quot;,&quot;video_type&quot;:&quot;youtube&quot;,&quot;controls&quot;:&quot;yes&quot;}\" data-widget_type=\"video.default\">\n\t\t\t\t<div class=\"elementor-widget-container\">\n\t\t\t\t\t\t\t<div class=\"elementor-wrapper elementor-open-inline\">\n\t\t\t<div class=\"elementor-video\"><\/div>\t\t<\/div>\n\t\t\t\t\t\t<\/div>\n\t\t\t\t<\/div>\n\t\t\t\t\t<\/div>\n\t\t<\/div>\n\t\t\t\t\t<\/div>\n\t\t<\/section>\n\t\t\t\t<section class=\"elementor-section elementor-top-section elementor-element elementor-element-c2d4fc1 elementor-section-boxed elementor-section-height-default elementor-section-height-default\" data-id=\"c2d4fc1\" data-element_type=\"section\" data-e-type=\"section\" data-settings=\"{&quot;jet_parallax_layout_list&quot;:[]}\">\n\t\t\t\t\t\t<div class=\"elementor-container elementor-column-gap-default\">\n\t\t\t\t\t<div class=\"elementor-column elementor-col-100 elementor-top-column elementor-element elementor-element-4c27d017\" data-id=\"4c27d017\" data-element_type=\"column\" data-e-type=\"column\">\n\t\t\t<div class=\"elementor-widget-wrap elementor-element-populated\">\n\t\t\t\t\t\t<div class=\"elementor-element elementor-element-529c93b0 elementor-widget elementor-widget-heading\" data-id=\"529c93b0\" data-element_type=\"widget\" data-e-type=\"widget\" data-widget_type=\"heading.default\">\n\t\t\t\t<div class=\"elementor-widget-container\">\n\t\t\t\t\t<h6 class=\"elementor-heading-title elementor-size-default\">T\u00e9moignages clients<\/h6>\t\t\t\t<\/div>\n\t\t\t\t<\/div>\n\t\t\t\t<div class=\"elementor-element elementor-element-5e9fea44 elementor-widget elementor-widget-heading\" data-id=\"5e9fea44\" data-element_type=\"widget\" data-e-type=\"widget\" data-widget_type=\"heading.default\">\n\t\t\t\t<div class=\"elementor-widget-container\">\n\t\t\t\t\t<h6 class=\"elementor-heading-title elementor-size-default\">Leurs <span style=\"color:#66CCCC\">\u00e9quipes <\/span>ont ador\u00e9<\/h6>\t\t\t\t<\/div>\n\t\t\t\t<\/div>\n\t\t\t\t<div class=\"elementor-element elementor-element-c0a1784 elementor-widget elementor-widget-jet-testimonials\" data-id=\"c0a1784\" data-element_type=\"widget\" data-e-type=\"widget\" data-settings=\"{&quot;slides_to_show&quot;:&quot;3&quot;,&quot;slides_to_show_tablet&quot;:&quot;2&quot;,&quot;slides_to_show_mobile&quot;:&quot;1&quot;,&quot;slides_to_scroll&quot;:&quot;1&quot;}\" data-widget_type=\"jet-testimonials.default\">\n\t\t\t\t<div class=\"elementor-widget-container\">\n\t\t\t\t\t<div class=\"elementor-jet-testimonials jet-elements\">\n<div class=\"jet-testimonials jet-equal-cols\">\n\t<div class=\"jet-testimonials__instance elementor-slick-slider\"data-settings='{&quot;autoplaySpeed&quot;:5000,&quot;autoplay&quot;:true,&quot;infinite&quot;:true,&quot;centerMode&quot;:false,&quot;centerPadding&quot;:&quot;50px&quot;,&quot;adaptiveHeight&quot;:true,&quot;pauseOnHover&quot;:false,&quot;speed&quot;:500,&quot;arrows&quot;:false,&quot;dots&quot;:true,&quot;slidesToScroll&quot;:1,&quot;prevArrow&quot;:&quot;.jet-testimonial__prev-arrow-c0a1784&quot;,&quot;nextArrow&quot;:&quot;.jet-testimonial__next-arrow-c0a1784&quot;,&quot;rtl&quot;:false}' dir=\"ltr\"><div class=\"jet-testimonials__item\">\n\t<div class=\"jet-testimonials__item-inner\">\n\t\t\t\t<div class=\"jet-testimonials__content\"><figure class=\"jet-testimonials__figure\"><img decoding=\"async\" class=\"jet-testimonials__tag-img\" src=\"https:\/\/www.medisur.fr\/wp-content\/uploads\/2023\/06\/logo-happydemics.png\" alt=\"logo happydemics\" loading=\"lazy\"><\/figure><div class=\"jet-testimonials__comment\"><b>Happydemics<\/b> \u2014 \u201cIntervenante tr\u00e8s <b>accessible, disponible et bienveillante<\/b>.\nLe format est tr\u00e8s <b>pratique<\/b> pour s'informer, puis \u00e9changer en petits groupes et poser des questions.\u201d<\/div><div class=\"jet-testimonials__date\"><span>Atelier pratique Octobre Rose<\/span><\/div><\/div>\n\t\t\t<\/div>\n<\/div>\n\n<div class=\"jet-testimonials__item\">\n\t<div class=\"jet-testimonials__item-inner\">\n\t\t\t\t<div class=\"jet-testimonials__content\"><figure class=\"jet-testimonials__figure\"><img decoding=\"async\" class=\"jet-testimonials__tag-img\" src=\"https:\/\/www.medisur.fr\/wp-content\/uploads\/2023\/06\/logo-pernod-ricard-france_couleur.png\" alt=\"logo pernod ricard france_couleur\" loading=\"lazy\"><\/figure><div class=\"jet-testimonials__comment\"><b>Pernod Ricard France<\/b> \u2014 \u201cDes retours <B>tr\u00e8s positifs<\/b>. Cela a suscit\u00e9 un <b>vif int\u00e9r\u00eat<\/b> des salari\u00e9s. Beaucoup sont venus chercher les <b>boxs sant\u00e9<\/b> apr\u00e8s la conf\u00e9rence\u201d<\/div><div class=\"jet-testimonials__date\"><span>Conf\u00e9rence Ma peau et le soleil<\/span><\/div><\/div>\n\t\t\t<\/div>\n<\/div>\n\n<div class=\"jet-testimonials__item\">\n\t<div class=\"jet-testimonials__item-inner\">\n\t\t\t\t<div class=\"jet-testimonials__content\"><figure class=\"jet-testimonials__figure\"><img decoding=\"async\" class=\"jet-testimonials__tag-img\" src=\"https:\/\/www.medisur.fr\/wp-content\/uploads\/2023\/06\/logo-atomic-digital-design.png\" alt=\"logo atomic digital design\" loading=\"lazy\"><\/figure><div class=\"jet-testimonials__comment\"><b>Atomic Digital Design<\/b> \u2014 \u201cAtelier tr\u00e8s <b>utile<\/b> puisque les femmes ont elles-m\u00eames demand\u00e9 \u00e0 \u00eatre palp\u00e9es et guid\u00e9es dans l'autopalpation[...]\u201d<\/div><div class=\"jet-testimonials__date\"><span>Atelier Participatif Octobre Rose<\/span><\/div><\/div>\n\t\t\t<\/div>\n<\/div>\n\n<div class=\"jet-testimonials__item\">\n\t<div class=\"jet-testimonials__item-inner\">\n\t\t\t\t<div class=\"jet-testimonials__content\"><figure class=\"jet-testimonials__figure\"><img decoding=\"async\" class=\"jet-testimonials__tag-img\" src=\"https:\/\/www.medisur.fr\/wp-content\/uploads\/2023\/06\/logo-groupe-legendre.jpeg\" alt=\"logo groupe legendre\" loading=\"lazy\"><\/figure><div class=\"jet-testimonials__comment\"><b>Groupe Legendre<\/b> \u2014 \u201cTr\u00e8s satisfait ! Un intervenant <b>professionnel<\/b> qui a su r\u00e9pondre \u00e0 toutes les interrogations du public concernant les <b>pathologies masculines<\/b> [...]\u201d<\/div><div class=\"jet-testimonials__date\"><span>Atelier Participatif Movember<\/span><\/div><\/div>\n\t\t\t<\/div>\n<\/div>\n\n<div class=\"jet-testimonials__item\">\n\t<div class=\"jet-testimonials__item-inner\">\n\t\t\t\t<div class=\"jet-testimonials__content\"><figure class=\"jet-testimonials__figure\"><img decoding=\"async\" class=\"jet-testimonials__tag-img\" src=\"https:\/\/www.medisur.fr\/wp-content\/uploads\/2023\/06\/logo-sante-provence-travail.jpeg\" alt=\"logo sante\u0301 provence travail\" loading=\"lazy\"><\/figure><div class=\"jet-testimonials__comment\"><b>Provence Sant\u00e9 Travail<\/b> \u2014 \u201cDispositif absolument <b>formidable<\/b> il renforce la sensation \u00e0 la palpation.[...] J'encourage les m\u00e9decins \u00e0 l'utiliser, cela va faciliter leur examen. Et les femmes \u00e0 pratiquer <b>l'autopalpation<\/b> avec.\u201d<\/div><div class=\"jet-testimonials__date\"><span>Coussinet d'autopalpation<\/span><\/div><\/div>\n\t\t\t<\/div>\n<\/div>\n\n<div class=\"jet-testimonials__item\">\n\t<div class=\"jet-testimonials__item-inner\">\n\t\t\t\t<div class=\"jet-testimonials__content\"><figure class=\"jet-testimonials__figure\"><img decoding=\"async\" class=\"jet-testimonials__tag-img\" src=\"https:\/\/www.medisur.fr\/wp-content\/uploads\/2023\/06\/logo-experf.jpeg\" alt=\"logo experf\" loading=\"lazy\"><\/figure><div class=\"jet-testimonials__comment\"><b>Experf<\/b> \u2014 \u201cC'est <b>ludique<\/b> [...] On peut toucher, on peut comprendre. Beaucoup plus int\u00e9ressant que de simples mots. Les entreprises devraient proposer des <b>campagnes de pr\u00e9vention<\/b> et ce dispositif \u00e0 leurs collaborateurs..\u201d<\/div><div class=\"jet-testimonials__date\"><span>Conf\u00e9rence et boxs Octobre Rose<\/span><\/div><\/div>\n\t\t\t<\/div>\n<\/div>\n\n<\/div>\n<\/div>\n<\/div>\t\t\t\t<\/div>\n\t\t\t\t<\/div>\n\t\t\t\t\t<\/div>\n\t\t<\/div>\n\t\t\t\t\t<\/div>\n\t\t<\/section>\n\t\t\t\t<section class=\"elementor-section elementor-top-section elementor-element elementor-element-76f347e elementor-section-boxed elementor-section-height-default elementor-section-height-default\" data-id=\"76f347e\" data-element_type=\"section\" data-e-type=\"section\" data-settings=\"{&quot;jet_parallax_layout_list&quot;:[]}\">\n\t\t\t\t\t\t<div class=\"elementor-container elementor-column-gap-default\">\n\t\t\t\t\t<div class=\"elementor-column elementor-col-100 elementor-top-column elementor-element elementor-element-d8f1257\" data-id=\"d8f1257\" data-element_type=\"column\" data-e-type=\"column\">\n\t\t\t<div class=\"elementor-widget-wrap elementor-element-populated\">\n\t\t\t\t\t\t<div class=\"elementor-element elementor-element-17896f23 elementor-align-left elementor-widget elementor-widget-raven-heading\" data-id=\"17896f23\" data-element_type=\"widget\" data-e-type=\"widget\" data-widget_type=\"raven-heading.default\">\n\t\t\t\t<div class=\"elementor-widget-container\">\n\t\t\t\t\t\t\t<div class=\"raven-widget-wrapper\"><h3 class=\"raven-heading raven-heading-h3\"><span class=\"raven-heading-title \">Articles du blog<\/span><\/h3><\/div>\n\t\t\t\t\t\t<\/div>\n\t\t\t\t<\/div>\n\t\t\t\t<div class=\"elementor-element elementor-element-340b8a5d elementor-widget elementor-widget-raven-posts\" data-id=\"340b8a5d\" data-element_type=\"widget\" data-e-type=\"widget\" data-settings=\"{&quot;query_posts_per_page&quot;:3,&quot;_skin&quot;:&quot;classic&quot;,&quot;classic_layout&quot;:&quot;grid&quot;,&quot;classic_columns&quot;:&quot;3&quot;,&quot;classic_columns_tablet&quot;:&quot;2&quot;,&quot;classic_columns_mobile&quot;:&quot;1&quot;,&quot;query_offset&quot;:0}\" data-widget_type=\"raven-posts.classic\">\n\t\t\t\t<div class=\"elementor-widget-container\">\n\t\t\t\t\t\t\t<div class=\"raven-posts raven-grid raven-grid-3 raven-grid-mobile-1 raven-grid-tablet-2\" data-post-id=\"14447\" data-archive-query=\"\" data-lang=\"\">\n\t\t\t\t<div class=\"raven-grid-item raven-post-item post-25282 post type-post status-publish format-standard has-post-thumbnail hentry category-sante_travail category-sante_securite\">\n\t\t\t<div class=\"raven-post\">\n\t\t\t\t\t\t<div class=\"raven-post-image-wrap\">\n\t\t\t<a class=\"raven-post-image raven-image-fit\" href=\"https:\/\/www.medisur.fr\/en\/semaine-qvct-2026-guide-organiser\/\"><img loading=\"lazy\" decoding=\"async\" width=\"768\" height=\"419\" src=\"https:\/\/www.medisur.fr\/wp-content\/uploads\/2026\/04\/Gemini_Generated_Image_8hxsx78hxsx78hxs-768x419.png\" class=\"attachment-medium_large size-medium_large wp-image-25283\" alt=\"\" srcset=\"https:\/\/www.medisur.fr\/wp-content\/uploads\/2026\/04\/Gemini_Generated_Image_8hxsx78hxsx78hxs-768x419.png 768w, https:\/\/www.medisur.fr\/wp-content\/uploads\/2026\/04\/Gemini_Generated_Image_8hxsx78hxsx78hxs-300x164.png 300w, https:\/\/www.medisur.fr\/wp-content\/uploads\/2026\/04\/Gemini_Generated_Image_8hxsx78hxsx78hxs-1024x559.png 1024w, https:\/\/www.medisur.fr\/wp-content\/uploads\/2026\/04\/Gemini_Generated_Image_8hxsx78hxsx78hxs-1536x838.png 1536w, https:\/\/www.medisur.fr\/wp-content\/uploads\/2026\/04\/Gemini_Generated_Image_8hxsx78hxsx78hxs-2048x1117.png 2048w, https:\/\/www.medisur.fr\/wp-content\/uploads\/2026\/04\/Gemini_Generated_Image_8hxsx78hxsx78hxs-18x10.png 18w, https:\/\/www.medisur.fr\/wp-content\/uploads\/2026\/04\/Gemini_Generated_Image_8hxsx78hxsx78hxs-1320x720.png 1320w, https:\/\/www.medisur.fr\/wp-content\/uploads\/2026\/04\/Gemini_Generated_Image_8hxsx78hxsx78hxs-600x327.png 600w\" sizes=\"(max-width: 768px) 100vw, 768px\" \/> <span class=\"raven-post-image-overlay\"><\/span><\/a>\t\t<\/div>\n\t\t\t\t\t\t<div class=\"raven-post-content\">\n\t\t\t\t\t<h3 class=\"raven-post-title\"><a class=\"raven-post-title-link\" href=\"https:\/\/www.medisur.fr\/en\/semaine-qvct-2026-guide-organiser\/\">Semaine de la QVCT 2026 : votre plan d&#8217;action de A \u00e0 Z !<\/a><\/h3>\t\t<div class=\"raven-post-meta\"><a class=\"raven-post-meta-item raven-post-date\" href=\"https:\/\/www.medisur.fr\/en\/2026\/04\/\" rel=\"bookmark\">7 April 2026<\/a>\n<span class=\"raven-post-meta-divider\">\/<\/span>\n<a class=\"raven-post-meta-item raven-post-author\" href=\"https:\/\/www.medisur.fr\/en\/author\/logistique\/\">Vincent DAILLOUX<\/a>\n<span class=\"raven-post-meta-divider\">\/<\/span>\n<span class=\"raven-post-meta-item raven-post-categories\"><a href=\"https:\/\/www.medisur.fr\/en\/category\/sante_travail\/\" rel=\"tag\">sant\u00e9 au travail<\/a>, <a href=\"https:\/\/www.medisur.fr\/en\/category\/sante_securite\/\" rel=\"tag\">sant\u00e9 et s\u00e9curit\u00e9<\/a><\/span><\/div>\n\t\t\t\t\t\t<\/div>\n\t\t\t<\/div>\n\t\t<\/div>\n\t\t\t\t<div class=\"raven-grid-item raven-post-item post-25267 post type-post status-publish format-standard has-post-thumbnail hentry category-sante_mentale tag-bien-etre tag-prevention tag-qvt tag-sante\">\n\t\t\t<div class=\"raven-post\">\n\t\t\t\t\t\t<div class=\"raven-post-image-wrap\">\n\t\t\t<a class=\"raven-post-image raven-image-fit\" href=\"https:\/\/www.medisur.fr\/en\/sante-mentale-entreprise-burn-out-rps\/\"><img loading=\"lazy\" decoding=\"async\" width=\"768\" height=\"512\" src=\"https:\/\/www.medisur.fr\/wp-content\/uploads\/2026\/04\/pexels-anthonyshkraba-production-8278873-768x512.jpg\" class=\"attachment-medium_large size-medium_large wp-image-25268\" alt=\"\" srcset=\"https:\/\/www.medisur.fr\/wp-content\/uploads\/2026\/04\/pexels-anthonyshkraba-production-8278873-768x512.jpg 768w, https:\/\/www.medisur.fr\/wp-content\/uploads\/2026\/04\/pexels-anthonyshkraba-production-8278873-300x200.jpg 300w, https:\/\/www.medisur.fr\/wp-content\/uploads\/2026\/04\/pexels-anthonyshkraba-production-8278873-1024x683.jpg 1024w, https:\/\/www.medisur.fr\/wp-content\/uploads\/2026\/04\/pexels-anthonyshkraba-production-8278873-1536x1024.jpg 1536w, https:\/\/www.medisur.fr\/wp-content\/uploads\/2026\/04\/pexels-anthonyshkraba-production-8278873-2048x1365.jpg 2048w, https:\/\/www.medisur.fr\/wp-content\/uploads\/2026\/04\/pexels-anthonyshkraba-production-8278873-18x12.jpg 18w, https:\/\/www.medisur.fr\/wp-content\/uploads\/2026\/04\/pexels-anthonyshkraba-production-8278873-1320x880.jpg 1320w, https:\/\/www.medisur.fr\/wp-content\/uploads\/2026\/04\/pexels-anthonyshkraba-production-8278873-600x400.jpg 600w\" sizes=\"(max-width: 768px) 100vw, 768px\" \/> <span class=\"raven-post-image-overlay\"><\/span><\/a>\t\t<\/div>\n\t\t\t\t\t\t<div class=\"raven-post-content\">\n\t\t\t\t\t<h3 class=\"raven-post-title\"><a class=\"raven-post-title-link\" href=\"https:\/\/www.medisur.fr\/en\/sante-mentale-entreprise-burn-out-rps\/\">Sant\u00e9 mentale en entreprise : burn-out, RPS et signaux d&#8217;alerte, comment agir maintenant ?<\/a><\/h3>\t\t<div class=\"raven-post-meta\"><a class=\"raven-post-meta-item raven-post-date\" href=\"https:\/\/www.medisur.fr\/en\/2026\/04\/\" rel=\"bookmark\">3 April 2026<\/a>\n<span class=\"raven-post-meta-divider\">\/<\/span>\n<a class=\"raven-post-meta-item raven-post-author\" href=\"https:\/\/www.medisur.fr\/en\/author\/logistique\/\">Vincent DAILLOUX<\/a>\n<span class=\"raven-post-meta-divider\">\/<\/span>\n<span class=\"raven-post-meta-item raven-post-categories\"><a href=\"https:\/\/www.medisur.fr\/en\/category\/sante_mentale\/\" rel=\"tag\">sant\u00e9 mentale<\/a><\/span>\n<span class=\"raven-post-meta-divider\">\/<\/span>\n<span class=\"raven-post-meta-item raven-post-tags\"><a href=\"https:\/\/www.medisur.fr\/en\/tag\/bien-etre\/\" rel=\"tag\">bien-\u00eatre<\/a>, <a href=\"https:\/\/www.medisur.fr\/en\/tag\/prevention\/\" rel=\"tag\">pr\u00e9vention<\/a>, <a href=\"https:\/\/www.medisur.fr\/en\/tag\/qvt\/\" rel=\"tag\">qvt<\/a>, <a href=\"https:\/\/www.medisur.fr\/en\/tag\/sante\/\" rel=\"tag\">sant\u00e9<\/a><\/span><\/div>\n\t\t\t\t\t\t<\/div>\n\t\t\t<\/div>\n\t\t<\/div>\n\t\t\t\t<div class=\"raven-grid-item raven-post-item post-25067 post type-post status-publish format-standard has-post-thumbnail hentry category-sante_securite category-videos tag-prevention tag-securite tag-securite-travail tag-sensibilisation\">\n\t\t\t<div class=\"raven-post\">\n\t\t\t\t\t\t<div class=\"raven-post-image-wrap\">\n\t\t\t<a class=\"raven-post-image raven-image-fit\" href=\"https:\/\/www.medisur.fr\/en\/journee-mondiale-securite-sante-travail\/\"><img loading=\"lazy\" decoding=\"async\" width=\"768\" height=\"432\" src=\"https:\/\/www.medisur.fr\/wp-content\/uploads\/2026\/03\/pexels-bertellifotografia-799463-768x432.jpg\" class=\"attachment-medium_large size-medium_large wp-image-25073\" alt=\"Journ\u00e9e mondiale s\u00e9curit\u00e9 sant\u00e9 au travail | Medisur\" srcset=\"https:\/\/www.medisur.fr\/wp-content\/uploads\/2026\/03\/pexels-bertellifotografia-799463-768x432.jpg 768w, https:\/\/www.medisur.fr\/wp-content\/uploads\/2026\/03\/pexels-bertellifotografia-799463-300x169.jpg 300w, https:\/\/www.medisur.fr\/wp-content\/uploads\/2026\/03\/pexels-bertellifotografia-799463-1024x576.jpg 1024w, https:\/\/www.medisur.fr\/wp-content\/uploads\/2026\/03\/pexels-bertellifotografia-799463-1536x864.jpg 1536w, https:\/\/www.medisur.fr\/wp-content\/uploads\/2026\/03\/pexels-bertellifotografia-799463-2048x1152.jpg 2048w, https:\/\/www.medisur.fr\/wp-content\/uploads\/2026\/03\/pexels-bertellifotografia-799463-18x10.jpg 18w, https:\/\/www.medisur.fr\/wp-content\/uploads\/2026\/03\/pexels-bertellifotografia-799463-1320x743.jpg 1320w, https:\/\/www.medisur.fr\/wp-content\/uploads\/2026\/03\/pexels-bertellifotografia-799463-600x338.jpg 600w\" sizes=\"(max-width: 768px) 100vw, 768px\" \/> <span class=\"raven-post-image-overlay\"><\/span><\/a>\t\t<\/div>\n\t\t\t\t\t\t<div class=\"raven-post-content\">\n\t\t\t\t\t<h3 class=\"raven-post-title\"><a class=\"raven-post-title-link\" href=\"https:\/\/www.medisur.fr\/en\/journee-mondiale-securite-sante-travail\/\">Journ\u00e9e mondiale de la s\u00e9curit\u00e9 et de la sant\u00e9 au travail | Medisur<\/a><\/h3>\t\t<div class=\"raven-post-meta\"><a class=\"raven-post-meta-item raven-post-date\" href=\"https:\/\/www.medisur.fr\/en\/2026\/03\/\" rel=\"bookmark\">17 March 2026<\/a>\n<span class=\"raven-post-meta-divider\">\/<\/span>\n<a class=\"raven-post-meta-item raven-post-author\" href=\"https:\/\/www.medisur.fr\/en\/author\/logistique\/\">Vincent DAILLOUX<\/a>\n<span class=\"raven-post-meta-divider\">\/<\/span>\n<span class=\"raven-post-meta-item raven-post-categories\"><a href=\"https:\/\/www.medisur.fr\/en\/category\/sante_securite\/\" rel=\"tag\">sant\u00e9 et s\u00e9curit\u00e9<\/a>, <a href=\"https:\/\/www.medisur.fr\/en\/category\/videos\/\" rel=\"tag\">Vid\u00e9os<\/a><\/span>\n<span class=\"raven-post-meta-divider\">\/<\/span>\n<span class=\"raven-post-meta-item raven-post-tags\"><a href=\"https:\/\/www.medisur.fr\/en\/tag\/prevention\/\" rel=\"tag\">pr\u00e9vention<\/a>, <a href=\"https:\/\/www.medisur.fr\/en\/tag\/securite\/\" rel=\"tag\">s\u00e9curit\u00e9<\/a>, <a href=\"https:\/\/www.medisur.fr\/en\/tag\/securite-travail\/\" rel=\"tag\">s\u00e9curit\u00e9 travail<\/a>, <a href=\"https:\/\/www.medisur.fr\/en\/tag\/sensibilisation\/\" rel=\"tag\">sensibilisation<\/a><\/span><\/div>\n\t\t\t\t\t\t<\/div>\n\t\t\t<\/div>\n\t\t<\/div>\n\t\t\t\t<\/div>\n\t\t\t\t\t\t<\/div>\n\t\t\t\t<\/div>\n\t\t\t\t\t<\/div>\n\t\t<\/div>\n\t\t\t\t\t<\/div>\n\t\t<\/section>\n\t\t\t\t<section class=\"elementor-section elementor-top-section elementor-element elementor-element-4c48bc95 elementor-section-boxed elementor-section-height-default elementor-section-height-default\" data-id=\"4c48bc95\" data-element_type=\"section\" data-e-type=\"section\" data-settings=\"{&quot;jet_parallax_layout_list&quot;:[],&quot;background_background&quot;:&quot;classic&quot;,&quot;shape_divider_top&quot;:&quot;waves&quot;,&quot;shape_divider_bottom&quot;:&quot;waves&quot;}\">\n\t\t\t\t\t<div class=\"elementor-shape elementor-shape-top\" aria-hidden=\"true\" data-negative=\"false\">\n\t\t\t<svg xmlns=\"http:\/\/www.w3.org\/2000\/svg\" viewBox=\"0 0 1000 100\" preserveAspectRatio=\"none\">\n\t<path class=\"elementor-shape-fill\" d=\"M421.9,6.5c22.6-2.5,51.5,0.4,75.5,5.3c23.6,4.9,70.9,23.5,100.5,35.7c75.8,32.2,133.7,44.5,192.6,49.7\n\tc23.6,2.1,48.7,3.5,103.4-2.5c54.7-6,106.2-25.6,106.2-25.6V0H0v30.3c0,0,72,32.6,158.4,30.5c39.2-0.7,92.8-6.7,134-22.4\n\tc21.2-8.1,52.2-18.2,79.7-24.2C399.3,7.9,411.6,7.5,421.9,6.5z\"\/>\n<\/svg>\t\t<\/div>\n\t\t\t\t<div class=\"elementor-shape elementor-shape-bottom\" aria-hidden=\"true\" data-negative=\"false\">\n\t\t\t<svg xmlns=\"http:\/\/www.w3.org\/2000\/svg\" viewBox=\"0 0 1000 100\" preserveAspectRatio=\"none\">\n\t<path class=\"elementor-shape-fill\" d=\"M421.9,6.5c22.6-2.5,51.5,0.4,75.5,5.3c23.6,4.9,70.9,23.5,100.5,35.7c75.8,32.2,133.7,44.5,192.6,49.7\n\tc23.6,2.1,48.7,3.5,103.4-2.5c54.7-6,106.2-25.6,106.2-25.6V0H0v30.3c0,0,72,32.6,158.4,30.5c39.2-0.7,92.8-6.7,134-22.4\n\tc21.2-8.1,52.2-18.2,79.7-24.2C399.3,7.9,411.6,7.5,421.9,6.5z\"\/>\n<\/svg>\t\t<\/div>\n\t\t\t\t\t<div class=\"elementor-container elementor-column-gap-default\">\n\t\t\t\t\t<div class=\"elementor-column elementor-col-100 elementor-top-column elementor-element elementor-element-3f486aa5\" data-id=\"3f486aa5\" data-element_type=\"column\" data-e-type=\"column\">\n\t\t\t<div class=\"elementor-widget-wrap elementor-element-populated\">\n\t\t\t\t\t\t<div class=\"elementor-element elementor-element-b3e78cd elementor-widget elementor-widget-heading\" data-id=\"b3e78cd\" data-element_type=\"widget\" data-e-type=\"widget\" data-widget_type=\"heading.default\">\n\t\t\t\t<div class=\"elementor-widget-container\">\n\t\t\t\t\t<h2 class=\"elementor-heading-title elementor-size-default\">Contactez-nous pour organiser cette formation Bienveilleur en sant\u00e9 mentale dans votre entreprise<\/h2>\t\t\t\t<\/div>\n\t\t\t\t<\/div>\n\t\t\t\t<div class=\"elementor-element elementor-element-c25019c elementor-widget elementor-widget-text-editor\" data-id=\"c25019c\" data-element_type=\"widget\" data-e-type=\"widget\" data-widget_type=\"text-editor.default\">\n\t\t\t\t<div class=\"elementor-widget-container\">\n\t\t\t\t\t\t\t\t\t<p class=\"p1\">Vous souhaitez renforcer le bien-\u00eatre mental de vos \u00e9quipes et accompagner efficacement les situations de mal-\u00eatre au travail ?<\/p>\t\t\t\t\t\t\t\t<\/div>\n\t\t\t\t<\/div>\n\t\t\t\t<div class=\"elementor-element elementor-element-5843e746 elementor-align-center elementor-widget elementor-widget-raven-button\" data-id=\"5843e746\" data-element_type=\"widget\" data-e-type=\"widget\" data-settings=\"{&quot;turn_to_popup_action_button&quot;:&quot;no&quot;}\" data-widget_type=\"raven-button.default\">\n\t\t\t\t<div class=\"elementor-widget-container\">\n\t\t\t\t\t\t\t<div class=\"raven-widget-wrapper\">\n\t\t\t<a class=\"raven-button raven-button-widget-normal-effect-none  raven-button-text-align-center raven-button-link elementor-animation-none\" href=\"https:\/\/www.medisur.fr\/devis-sante-mentale\/\">\t\t\t\t<div class=\"raven-button-overlay\" ><\/div>\n\t\t\t\t<span class=\"raven-button-content\">\n\t\t\t\t\t\n\t\t\t\t\t<div class=\"button-text-container\">\n\t\t\t\t\t\t\t\t\t<span class=\"raven-button-icon raven-button-icon-position-left\">\n\t\t\t\t<i aria-hidden=\"true\" class=\"fas fa-comments\"><\/i>\t\t\t<\/span>\n\t\t\t\t\t\t\t\t<div class=\"raven-button-texts-wrapper\">\n\t\t\t\t\t\t\t<div class=\"button-text\">\n\t\t\t\t\t\t\t\t<span class=\"raven-button-text\">\n\t\t\t\t\t\t\t\t\tContactez-nous\t\t\t\t\t\t\t\t<\/span>\n\t\t\t\t\t\t\t<\/div>\n\t\t\t\t\t\t\t\t\t\t\t\t\t<\/div>\n\t\t\t\t\t\t\t\t\t\t\t<\/div>\n\t\t\t\t\t\n\t\t\t\t\t\t\t\t\t<\/span>\n\t\t\t<\/a>\t\t<\/div>\n\t\t\t\t\t\t<\/div>\n\t\t\t\t<\/div>\n\t\t\t\t\t<\/div>\n\t\t<\/div>\n\t\t\t\t\t<\/div>\n\t\t<\/section>\n\t\t\t\t<section class=\"elementor-section elementor-top-section elementor-element elementor-element-705c1475 elementor-section-boxed elementor-section-height-default elementor-section-height-default\" data-id=\"705c1475\" data-element_type=\"section\" data-e-type=\"section\" data-settings=\"{&quot;jet_parallax_layout_list&quot;:[{&quot;jet_parallax_layout_image&quot;:{&quot;url&quot;:&quot;&quot;,&quot;id&quot;:&quot;&quot;,&quot;size&quot;:&quot;&quot;},&quot;_id&quot;:&quot;ad39c02&quot;,&quot;jet_parallax_layout_speed&quot;:{&quot;unit&quot;:&quot;%&quot;,&quot;size&quot;:&quot;50&quot;,&quot;sizes&quot;:[]},&quot;jet_parallax_layout_bg_x&quot;:&quot;50&quot;,&quot;jet_parallax_layout_bg_y&quot;:&quot;50&quot;,&quot;jet_parallax_layout_image_tablet&quot;:{&quot;url&quot;:&quot;&quot;,&quot;id&quot;:&quot;&quot;,&quot;size&quot;:&quot;&quot;},&quot;jet_parallax_layout_image_mobile&quot;:{&quot;url&quot;:&quot;&quot;,&quot;id&quot;:&quot;&quot;,&quot;size&quot;:&quot;&quot;},&quot;jet_parallax_layout_type&quot;:&quot;scroll&quot;,&quot;jet_parallax_layout_direction&quot;:&quot;1&quot;,&quot;jet_parallax_layout_fx_direction&quot;:null,&quot;jet_parallax_layout_z_index&quot;:&quot;&quot;,&quot;jet_parallax_layout_bg_x_tablet&quot;:&quot;&quot;,&quot;jet_parallax_layout_bg_x_mobile&quot;:&quot;&quot;,&quot;jet_parallax_layout_bg_y_tablet&quot;:&quot;&quot;,&quot;jet_parallax_layout_bg_y_mobile&quot;:&quot;&quot;,&quot;jet_parallax_layout_bg_size&quot;:&quot;auto&quot;,&quot;jet_parallax_layout_bg_size_tablet&quot;:&quot;&quot;,&quot;jet_parallax_layout_bg_size_mobile&quot;:&quot;&quot;,&quot;jet_parallax_layout_animation_prop&quot;:&quot;transform&quot;,&quot;jet_parallax_layout_on&quot;:[&quot;desktop&quot;,&quot;tablet&quot;]}]}\">\n\t\t\t\t\t\t<div class=\"elementor-container elementor-column-gap-no\">\n\t\t\t\t\t<div class=\"elementor-column elementor-col-100 elementor-top-column elementor-element elementor-element-30933e98\" data-id=\"30933e98\" data-element_type=\"column\" data-e-type=\"column\">\n\t\t\t<div class=\"elementor-widget-wrap elementor-element-populated\">\n\t\t\t\t\t\t<div class=\"elementor-element elementor-element-1119704c elementor-widget elementor-widget-heading\" data-id=\"1119704c\" data-element_type=\"widget\" data-e-type=\"widget\" data-widget_type=\"heading.default\">\n\t\t\t\t<div class=\"elementor-widget-container\">\n\t\t\t\t\t<h5 class=\"elementor-heading-title elementor-size-default\"><a href=\"\/sante-mentale\/\">D\u00e9j\u00e0 plus de <b>3 400<\/b> organisations font confiance \u00e0 Medisur pour prendre soin de la <span style=\"color:#66CCCC\">sant\u00e9 mentale<\/span> des salari\u00e9s.<\/a><\/h5>\t\t\t\t<\/div>\n\t\t\t\t<\/div>\n\t\t\t\t<div class=\"elementor-element elementor-element-63fbc6f8 elementor-widget elementor-widget-image-carousel\" data-id=\"63fbc6f8\" data-element_type=\"widget\" data-e-type=\"widget\" data-settings=\"{&quot;slides_to_show&quot;:&quot;4&quot;,&quot;navigation&quot;:&quot;none&quot;,&quot;autoplay&quot;:&quot;yes&quot;,&quot;pause_on_hover&quot;:&quot;yes&quot;,&quot;pause_on_interaction&quot;:&quot;yes&quot;,&quot;autoplay_speed&quot;:5000,&quot;infinite&quot;:&quot;yes&quot;,&quot;speed&quot;:500}\" data-widget_type=\"image-carousel.default\">\n\t\t\t\t<div class=\"elementor-widget-container\">\n\t\t\t\t\t\t\t<div class=\"elementor-image-carousel-wrapper swiper\" role=\"region\" aria-roledescription=\"carousel\" aria-label=\"Carrousel d\u2019images\" dir=\"ltr\">\n\t\t\t<div class=\"elementor-image-carousel swiper-wrapper\" aria-live=\"off\">\n\t\t\t\t\t\t\t\t<div class=\"swiper-slide\" role=\"group\" aria-roledescription=\"slide\" aria-label=\"1 of 13\"><figure class=\"swiper-slide-inner\"><img decoding=\"async\" class=\"swiper-slide-image\" src=\"https:\/\/www.medisur.fr\/wp-content\/uploads\/2025\/12\/13.png\" alt=\"13\" \/><\/figure><\/div><div class=\"swiper-slide\" role=\"group\" aria-roledescription=\"slide\" aria-label=\"2 of 13\"><figure class=\"swiper-slide-inner\"><img decoding=\"async\" class=\"swiper-slide-image\" src=\"https:\/\/www.medisur.fr\/wp-content\/uploads\/2025\/12\/12.png\" alt=\"12\" \/><\/figure><\/div><div class=\"swiper-slide\" role=\"group\" aria-roledescription=\"slide\" aria-label=\"3 of 13\"><figure class=\"swiper-slide-inner\"><img decoding=\"async\" class=\"swiper-slide-image\" src=\"https:\/\/www.medisur.fr\/wp-content\/uploads\/2025\/12\/11.png\" alt=\"11\" \/><\/figure><\/div><div class=\"swiper-slide\" role=\"group\" aria-roledescription=\"slide\" aria-label=\"4 of 13\"><figure class=\"swiper-slide-inner\"><img decoding=\"async\" class=\"swiper-slide-image\" src=\"https:\/\/www.medisur.fr\/wp-content\/uploads\/2025\/12\/10.png\" alt=\"10\" \/><\/figure><\/div><div class=\"swiper-slide\" role=\"group\" aria-roledescription=\"slide\" aria-label=\"5 of 13\"><figure class=\"swiper-slide-inner\"><img decoding=\"async\" class=\"swiper-slide-image\" src=\"https:\/\/www.medisur.fr\/wp-content\/uploads\/2025\/12\/9.png\" alt=\"9\" \/><\/figure><\/div><div class=\"swiper-slide\" role=\"group\" aria-roledescription=\"slide\" aria-label=\"6 of 13\"><figure class=\"swiper-slide-inner\"><img decoding=\"async\" class=\"swiper-slide-image\" src=\"https:\/\/www.medisur.fr\/wp-content\/uploads\/2025\/12\/8.png\" alt=\"8\" \/><\/figure><\/div><div class=\"swiper-slide\" role=\"group\" aria-roledescription=\"slide\" aria-label=\"7 of 13\"><figure class=\"swiper-slide-inner\"><img decoding=\"async\" class=\"swiper-slide-image\" src=\"https:\/\/www.medisur.fr\/wp-content\/uploads\/2025\/12\/7.png\" alt=\"7\" \/><\/figure><\/div><div class=\"swiper-slide\" role=\"group\" aria-roledescription=\"slide\" aria-label=\"8 of 13\"><figure class=\"swiper-slide-inner\"><img decoding=\"async\" class=\"swiper-slide-image\" src=\"https:\/\/www.medisur.fr\/wp-content\/uploads\/2025\/12\/6-1.png\" alt=\"6\" \/><\/figure><\/div><div class=\"swiper-slide\" role=\"group\" aria-roledescription=\"slide\" aria-label=\"9 of 13\"><figure class=\"swiper-slide-inner\"><img decoding=\"async\" class=\"swiper-slide-image\" src=\"https:\/\/www.medisur.fr\/wp-content\/uploads\/2025\/12\/5-1.png\" alt=\"5\" \/><\/figure><\/div><div class=\"swiper-slide\" role=\"group\" aria-roledescription=\"slide\" aria-label=\"10 of 13\"><figure class=\"swiper-slide-inner\"><img decoding=\"async\" class=\"swiper-slide-image\" src=\"https:\/\/www.medisur.fr\/wp-content\/uploads\/2025\/12\/4-1.png\" alt=\"4\" \/><\/figure><\/div><div class=\"swiper-slide\" role=\"group\" aria-roledescription=\"slide\" aria-label=\"11 of 13\"><figure class=\"swiper-slide-inner\"><img decoding=\"async\" class=\"swiper-slide-image\" src=\"https:\/\/www.medisur.fr\/wp-content\/uploads\/2025\/12\/3-1.png\" alt=\"3\" \/><\/figure><\/div><div class=\"swiper-slide\" role=\"group\" aria-roledescription=\"slide\" aria-label=\"12 of 13\"><figure class=\"swiper-slide-inner\"><img decoding=\"async\" class=\"swiper-slide-image\" src=\"https:\/\/www.medisur.fr\/wp-content\/uploads\/2025\/12\/2-1.png\" alt=\"2\" \/><\/figure><\/div><div class=\"swiper-slide\" role=\"group\" aria-roledescription=\"slide\" aria-label=\"13 of 13\"><figure class=\"swiper-slide-inner\"><img decoding=\"async\" class=\"swiper-slide-image\" src=\"https:\/\/www.medisur.fr\/wp-content\/uploads\/2025\/12\/1-1.png\" alt=\"1\" \/><\/figure><\/div>\t\t\t<\/div>\n\t\t\t\t\t\t\t\n\t\t\t\t\t\t\t\t\t<\/div>\n\t\t\t\t\t\t<\/div>\n\t\t\t\t<\/div>\n\t\t\t\t\t<\/div>\n\t\t<\/div>\n\t\t\t\t\t<\/div>\n\t\t<\/section>\n\t\t\t\t<\/div>\n\t\t","protected":false},"excerpt":{"rendered":"<p>Formation Bienveilleur en sant\u00e9 mentale Permettez \u00e0 vos collaborateurs de devenir acteurs du bien-\u00eatre mental en entreprise gr\u00e2ce \u00e0 la formation Bienveilleur en sant\u00e9 mentale.\u00a0Pr\u00e9vention, \u00e9coute active et orientation : donnez \u00e0 vos \u00e9quipes les cl\u00e9s pour d\u00e9tecter et accompagner efficacement les situations de mal-\u00eatre au travail. Nous consulter pour un devis T\u00e9l\u00e9charger le programme [&hellip;]<\/p>\n","protected":false},"author":2388,"featured_media":20612,"parent":7625,"menu_order":0,"comment_status":"closed","ping_status":"closed","template":"full-width.php","meta":{"_acf_changed":false,"footnotes":""},"class_list":["post-14447","page","type-page","status-publish","has-post-thumbnail","hentry"],"acf":[],"_links":{"self":[{"href":"https:\/\/www.medisur.fr\/en\/wp-json\/wp\/v2\/pages\/14447","targetHints":{"allow":["GET"]}}],"collection":[{"href":"https:\/\/www.medisur.fr\/en\/wp-json\/wp\/v2\/pages"}],"about":[{"href":"https:\/\/www.medisur.fr\/en\/wp-json\/wp\/v2\/types\/page"}],"author":[{"embeddable":true,"href":"https:\/\/www.medisur.fr\/en\/wp-json\/wp\/v2\/users\/2388"}],"replies":[{"embeddable":true,"href":"https:\/\/www.medisur.fr\/en\/wp-json\/wp\/v2\/comments?post=14447"}],"version-history":[{"count":5,"href":"https:\/\/www.medisur.fr\/en\/wp-json\/wp\/v2\/pages\/14447\/revisions"}],"predecessor-version":[{"id":24554,"href":"https:\/\/www.medisur.fr\/en\/wp-json\/wp\/v2\/pages\/14447\/revisions\/24554"}],"up":[{"embeddable":true,"href":"https:\/\/www.medisur.fr\/en\/wp-json\/wp\/v2\/pages\/7625"}],"wp:featuredmedia":[{"embeddable":true,"href":"https:\/\/www.medisur.fr\/en\/wp-json\/wp\/v2\/media\/20612"}],"wp:attachment":[{"href":"https:\/\/www.medisur.fr\/en\/wp-json\/wp\/v2\/media?parent=14447"}],"curies":[{"name":"wp","href":"https:\/\/api.w.org\/{rel}","templated":true}]}}