{"id":14017,"date":"2023-11-13T17:05:21","date_gmt":"2023-11-13T16:05:21","guid":{"rendered":"https:\/\/www.medisur.fr\/?page_id=14017"},"modified":"2026-01-12T09:31:42","modified_gmt":"2026-01-12T08:31:42","slug":"prevention-des-risques-psychosociaux","status":"publish","type":"page","link":"https:\/\/www.medisur.fr\/en\/sante-mentale\/prevention-des-risques-psychosociaux\/","title":{"rendered":"Prevention of psychosocial risks"},"content":{"rendered":"\t\t<div data-elementor-type=\"wp-page\" data-elementor-id=\"14017\" class=\"elementor elementor-14017\" data-elementor-post-type=\"page\">\n\t\t\t\t\t\t<section class=\"elementor-section elementor-top-section elementor-element elementor-element-a7b7df7 elementor-section-boxed elementor-section-height-default elementor-section-height-default\" data-id=\"a7b7df7\" data-element_type=\"section\" data-e-type=\"section\" data-settings=\"{&quot;jet_parallax_layout_list&quot;:[]}\">\n\t\t\t\t\t\t<div class=\"elementor-container elementor-column-gap-default\">\n\t\t\t\t\t<div class=\"elementor-column elementor-col-100 elementor-top-column elementor-element elementor-element-f2d6199\" data-id=\"f2d6199\" data-element_type=\"column\" data-e-type=\"column\">\n\t\t\t<div class=\"elementor-widget-wrap elementor-element-populated\">\n\t\t\t\t\t\t<div class=\"elementor-element elementor-element-8ad8a9b elementor-widget elementor-widget-woocommerce-breadcrumb\" data-id=\"8ad8a9b\" data-element_type=\"widget\" data-e-type=\"widget\" data-widget_type=\"woocommerce-breadcrumb.default\">\n\t\t\t\t<div class=\"elementor-widget-container\">\n\t\t\t\t\t<nav class=\"woocommerce-breadcrumb\" aria-label=\"Breadcrumb\">Home<\/nav>\t\t\t\t<\/div>\n\t\t\t\t<\/div>\n\t\t\t\t\t<\/div>\n\t\t<\/div>\n\t\t\t\t\t<\/div>\n\t\t<\/section>\n\t\t\t\t<section class=\"elementor-section elementor-top-section elementor-element elementor-element-34a0417d elementor-section-height-min-height elementor-section-stretched elementor-section-boxed elementor-section-height-default elementor-section-items-middle\" data-id=\"34a0417d\" data-element_type=\"section\" data-e-type=\"section\" data-settings=\"{&quot;jet_parallax_layout_list&quot;:[],&quot;background_background&quot;:&quot;classic&quot;,&quot;stretch_section&quot;:&quot;section-stretched&quot;}\">\n\t\t\t\t\t\t\t<div class=\"elementor-background-overlay\"><\/div>\n\t\t\t\t\t\t\t<div class=\"elementor-container elementor-column-gap-default\">\n\t\t\t\t\t<div class=\"elementor-column elementor-col-50 elementor-top-column elementor-element elementor-element-47317f66\" data-id=\"47317f66\" data-element_type=\"column\" data-e-type=\"column\">\n\t\t\t<div class=\"elementor-widget-wrap elementor-element-populated\">\n\t\t\t\t\t\t<div class=\"elementor-element elementor-element-219476a2 elementor-widget__width-initial elementor-widget elementor-widget-heading\" data-id=\"219476a2\" data-element_type=\"widget\" data-e-type=\"widget\" data-widget_type=\"heading.default\">\n\t\t\t\t<div class=\"elementor-widget-container\">\n\t\t\t\t\t<h1 class=\"elementor-heading-title elementor-size-default\">Pr\u00e9vention des \n<\/br>Risques psychosociaux (RPS)<\/h1>\t\t\t\t<\/div>\n\t\t\t\t<\/div>\n\t\t\t\t<div class=\"elementor-element elementor-element-6c1a0cb3 elementor-widget__width-initial elementor-widget elementor-widget-text-editor\" data-id=\"6c1a0cb3\" data-element_type=\"widget\" data-e-type=\"widget\" data-widget_type=\"text-editor.default\">\n\t\t\t\t<div class=\"elementor-widget-container\">\n\t\t\t\t\t\t\t\t\t<div class=\"group w-full text-token-text-primary border-b border-black\/10 gizmo:border-0 dark:border-gray-900\/50 gizmo:dark:border-0 bg-gray-50 gizmo:bg-transparent dark:bg-[#444654] gizmo:dark:bg-transparent\" data-testid=\"conversation-turn-189\"><div class=\"p-4 justify-center text-base md:gap-6 md:py-6 m-auto\"><div class=\"flex flex-1 gap-4 text-base mx-auto md:gap-6 gizmo:gap-3 gizmo:md:px-5 gizmo:lg:px-1 gizmo:xl:px-5 md:max-w-2xl lg:max-w-[38rem] gizmo:md:max-w-3xl gizmo:lg:max-w-[40rem] gizmo:xl:max-w-[48rem] xl:max-w-3xl }\"><div class=\"relative flex w-[calc(100%-50px)] flex-col gap-1 gizmo:w-full md:gap-3 lg:w-[calc(100%-115px)] agent-turn\"><div class=\"flex flex-grow flex-col gap-3 max-w-full\"><div class=\"min-h-[20px] flex flex-col items-start gap-3 whitespace-pre-wrap break-words overflow-x-auto\"><div class=\"markdown prose w-full break-words dark:prose-invert light\"><p><a class=\"OYPEnA font-feature-liga-off font-feature-clig-off font-feature-calt-off text-decoration-none text-strikethrough-none\" style=\"color: #666666; font-kerning: none;\" draggable=\"false\" href=\"https:\/\/www.medisur.fr\/sante-mentale\/prevention-des-risques-psychosociaux\/\" target=\"_blank\" rel=\"noopener\">Identifier, agir et pr\u00e9venir les <\/a><a class=\"OYPEnA font-feature-liga-off font-feature-clig-off font-feature-calt-off text-decoration-none text-strikethrough-none\" style=\"color: #666666; font-weight: 600; font-kerning: none;\" draggable=\"false\" href=\"https:\/\/www.medisur.fr\/sante-mentale\/prevention-des-risques-psychosociaux\/\" target=\"_blank\" rel=\"noopener\">risques psychosociaux<\/a><a class=\"OYPEnA font-feature-liga-off font-feature-clig-off font-feature-calt-off text-decoration-none text-strikethrough-none\" style=\"color: #666666; font-kerning: none;\" draggable=\"false\" href=\"https:\/\/www.medisur.fr\/sante-mentale\/prevention-des-risques-psychosociaux\/\" target=\"_blank\" rel=\"noopener\">, afin de favoriser un environnement de travail sain et productif.<\/a><\/p><\/div><\/div><\/div><\/div><\/div><\/div><\/div>\t\t\t\t\t\t\t\t<\/div>\n\t\t\t\t<\/div>\n\t\t\t\t<div class=\"elementor-element elementor-element-a5b41e3 elementor-widget elementor-widget-button\" data-id=\"a5b41e3\" data-element_type=\"widget\" data-e-type=\"widget\" data-widget_type=\"button.default\">\n\t\t\t\t<div class=\"elementor-widget-container\">\n\t\t\t\t\t\t\t\t\t<div class=\"elementor-button-wrapper\">\n\t\t\t\t\t<a class=\"elementor-button elementor-button-link elementor-size-sm\" href=\"https:\/\/www.medisur.fr\/devis-risques-psychosociaux\/\">\n\t\t\t\t\t\t<span class=\"elementor-button-content-wrapper\">\n\t\t\t\t\t\t\t\t\t<span class=\"elementor-button-text\">Demander un devis<\/span>\n\t\t\t\t\t<\/span>\n\t\t\t\t\t<\/a>\n\t\t\t\t<\/div>\n\t\t\t\t\t\t\t\t<\/div>\n\t\t\t\t<\/div>\n\t\t\t\t\t<\/div>\n\t\t<\/div>\n\t\t\t\t<div class=\"elementor-column elementor-col-50 elementor-top-column elementor-element elementor-element-d82ab67\" data-id=\"d82ab67\" data-element_type=\"column\" data-e-type=\"column\">\n\t\t\t<div class=\"elementor-widget-wrap\">\n\t\t\t\t\t\t\t<\/div>\n\t\t<\/div>\n\t\t\t\t\t<\/div>\n\t\t<\/section>\n\t\t\t\t<section class=\"elementor-section elementor-top-section elementor-element elementor-element-6581996 elementor-section-boxed elementor-section-height-default elementor-section-height-default\" data-id=\"6581996\" data-element_type=\"section\" data-e-type=\"section\" data-settings=\"{&quot;jet_parallax_layout_list&quot;:[]}\">\n\t\t\t\t\t\t<div class=\"elementor-container elementor-column-gap-default\">\n\t\t\t\t\t<div class=\"elementor-column elementor-col-50 elementor-top-column elementor-element elementor-element-f2e8eef\" data-id=\"f2e8eef\" data-element_type=\"column\" data-e-type=\"column\">\n\t\t\t<div class=\"elementor-widget-wrap elementor-element-populated\">\n\t\t\t\t\t\t<div class=\"elementor-element elementor-element-e9f4517 elementor-widget elementor-widget-heading\" data-id=\"e9f4517\" data-element_type=\"widget\" data-e-type=\"widget\" data-widget_type=\"heading.default\">\n\t\t\t\t<div class=\"elementor-widget-container\">\n\t\t\t\t\t<h2 class=\"elementor-heading-title elementor-size-default\">Pourquoi pr\u00e9venir les <span style=\"color:#66CCCC\">risques psychosociaux (RPS)<\/span> en entreprise ?<\/h2>\t\t\t\t<\/div>\n\t\t\t\t<\/div>\n\t\t\t\t<div class=\"elementor-element elementor-element-05db335 elementor-widget elementor-widget-text-editor\" data-id=\"05db335\" data-element_type=\"widget\" data-e-type=\"widget\" data-widget_type=\"text-editor.default\">\n\t\t\t\t<div class=\"elementor-widget-container\">\n\t\t\t\t\t\t\t\t\t<div class=\"chapo\"><p>En France, <strong>53 % des salari\u00e9s se d\u00e9clarent en d\u00e9tresse psychologique<\/strong>, dont 14 % en d\u00e9tresse \u00e9lev\u00e9e (<a href=\"https:\/\/www.securex.fr\/fr\/actualites\/les-risques-psychosociaux-explosent-au-travail\" target=\"_blank\" rel=\"noopener\">Source : Securex, 2023<\/a>). Face \u00e0 cette r\u00e9alit\u00e9 pr\u00e9occupante, la <strong>pr\u00e9vention des risques psychosociaux (RPS)<\/strong> devient un enjeu majeur pour la sant\u00e9 mentale au travail et la performance des entreprises.<\/p><p>Notre programme de\u00a0<strong>Pr\u00e9vention des RPS<\/strong> accompagne les organisations dans l\u2019identification, la gestion et l\u2019anticipation des RPS.\u00a0<\/p><\/div>\t\t\t\t\t\t\t\t<\/div>\n\t\t\t\t<\/div>\n\t\t\t\t<div class=\"elementor-element elementor-element-50cabda elementor-widget elementor-widget-heading\" data-id=\"50cabda\" data-element_type=\"widget\" data-e-type=\"widget\" data-widget_type=\"heading.default\">\n\t\t\t\t<div class=\"elementor-widget-container\">\n\t\t\t\t\t<h2 class=\"elementor-heading-title elementor-size-default\">Contenu d\u00e9taill\u00e9 de notre module de sensibilisation \u00e0 la pr\u00e9vention des risques psychosociaux :<\/h2>\t\t\t\t<\/div>\n\t\t\t\t<\/div>\n\t\t\t\t<div class=\"elementor-element elementor-element-052a5a1 elementor-widget elementor-widget-text-editor\" data-id=\"052a5a1\" data-element_type=\"widget\" data-e-type=\"widget\" data-widget_type=\"text-editor.default\">\n\t\t\t\t<div class=\"elementor-widget-container\">\n\t\t\t\t\t\t\t\t\t<ul><li><strong><span class=\"OYPEnA font-feature-liga-off font-feature-clig-off font-feature-calt-off text-decoration-none text-strikethrough-none\">D\u00e9stigmatiser la sant\u00e9 mentale :<\/span><\/strong><span class=\"OYPEnA font-feature-liga-off font-feature-clig-off font-feature-calt-off text-decoration-none text-strikethrough-none\"> D\u00e9finir la sant\u00e9 mentale et comprendre les liens \u00e9troits entre la sant\u00e9 globale et mentale<\/span><\/li><li><strong><span class=\"OYPEnA font-feature-liga-off font-feature-clig-off font-feature-calt-off text-decoration-none text-strikethrough-none\">S\u2019informer sur la sant\u00e9 mentale :<\/span><\/strong><span class=\"OYPEnA font-feature-liga-off font-feature-clig-off font-feature-calt-off text-decoration-none text-strikethrough-none\"> Pr\u00e9senter les trois dimensions de la sant\u00e9 mentale, les troubles psychiques courants, avec un focus sur la d\u00e9pression.<\/span><\/li><li><strong><span class=\"OYPEnA font-feature-liga-off font-feature-clig-off font-feature-calt-off text-decoration-none text-strikethrough-none\">Identifier les facteurs de risque des risques psychosociaux (RPS) et leurs cons\u00e9quences : <\/span><\/strong><span class=\"OYPEnA font-feature-liga-off font-feature-clig-off font-feature-calt-off text-decoration-none text-strikethrough-none\">D\u00e9finir les facteurs de RPS, leurs effets sur la sant\u00e9 mentale. Introduction sur les comp\u00e9tences psychosociales (CPS).<\/span><\/li><li><strong><span class=\"OYPEnA font-feature-liga-off font-feature-clig-off font-feature-calt-off text-decoration-none text-strikethrough-none\">Les risques psychosociaux :<\/span><\/strong><span class=\"OYPEnA font-feature-liga-off font-feature-clig-off font-feature-calt-off text-decoration-none text-strikethrough-none\"> d\u00e9finition et chiffres cl\u00e9s : Pr\u00e9senter les RPS et leurs cons\u00e9quences avec des donn\u00e9es cl\u00e9s.<\/span><\/li><li><strong><span class=\"OYPEnA font-feature-liga-off font-feature-clig-off font-feature-calt-off text-decoration-none text-strikethrough-none\">Clarifier les responsabilit\u00e9s et les limites en mati\u00e8re de pr\u00e9vention : <\/span><\/strong><span class=\"OYPEnA font-feature-liga-off font-feature-clig-off font-feature-calt-off text-decoration-none text-strikethrough-none\">Expliquer les r\u00f4les des employeurs, des managers et des collaborateurs dans la pr\u00e9vention des RPS.<\/span><\/li><li><span class=\"OYPEnA font-feature-liga-off font-feature-clig-off font-feature-calt-off text-decoration-none text-strikethrough-none\">Analyser les ph\u00e9nom\u00e8nes de stress, Burn-in, Burn-out, Bore-out et Brow-out.<\/span><\/li><li><strong><span class=\"OYPEnA font-feature-liga-off font-feature-clig-off font-feature-calt-off text-decoration-none text-strikethrough-none\">Apprendre \u00e0 reconna\u00eetre et \u00e0 r\u00e9agir face au mal-\u00eatre : <\/span><\/strong><span class=\"OYPEnA font-feature-liga-off font-feature-clig-off font-feature-calt-off text-decoration-none text-strikethrough-none\">Former \u00e0 rep\u00e9rer les signes de mal-\u00eatre et \u00e0 r\u00e9agir de mani\u00e8re appropri\u00e9e.<\/span><\/li><li><strong><span class=\"OYPEnA font-feature-liga-off font-feature-clig-off font-feature-calt-off text-decoration-none text-strikethrough-none\">D\u00e9couvrir les mesures de pr\u00e9vention : <\/span><\/strong><span class=\"OYPEnA font-feature-liga-off font-feature-clig-off font-feature-calt-off text-decoration-none text-strikethrough-none\">Pr\u00e9senter des actions pratiques pour g\u00e9rer le stress et pr\u00e9server la sant\u00e9 mentale au travail.<\/span><\/li><\/ul>\t\t\t\t\t\t\t\t<\/div>\n\t\t\t\t<\/div>\n\t\t\t\t<section class=\"elementor-section elementor-inner-section elementor-element elementor-element-1fc2d1d elementor-section-boxed elementor-section-height-default elementor-section-height-default\" data-id=\"1fc2d1d\" data-element_type=\"section\" data-e-type=\"section\" data-settings=\"{&quot;jet_parallax_layout_list&quot;:[],&quot;background_background&quot;:&quot;classic&quot;}\">\n\t\t\t\t\t\t<div class=\"elementor-container elementor-column-gap-default\">\n\t\t\t\t\t<div class=\"elementor-column elementor-col-100 elementor-inner-column elementor-element elementor-element-c37e077\" data-id=\"c37e077\" data-element_type=\"column\" data-e-type=\"column\">\n\t\t\t<div class=\"elementor-widget-wrap elementor-element-populated\">\n\t\t\t\t\t\t<div class=\"elementor-element elementor-element-b43894d elementor-widget elementor-widget-heading\" data-id=\"b43894d\" data-element_type=\"widget\" data-e-type=\"widget\" data-widget_type=\"heading.default\">\n\t\t\t\t<div class=\"elementor-widget-container\">\n\t\t\t\t\t<h2 class=\"elementor-heading-title elementor-size-default\">Agissez d\u00e8s maintenant pour la sant\u00e9 mentale de vos \u00e9quipes<\/h2>\t\t\t\t<\/div>\n\t\t\t\t<\/div>\n\t\t\t\t<div class=\"elementor-element elementor-element-7fc7fe1 elementor-widget elementor-widget-text-editor\" data-id=\"7fc7fe1\" data-element_type=\"widget\" data-e-type=\"widget\" data-widget_type=\"text-editor.default\">\n\t\t\t\t<div class=\"elementor-widget-container\">\n\t\t\t\t\t\t\t\t\t<p><b>F\u00c9VRIER<\/b><br \/>Journ\u00e9e de la pr\u00e9vention du suicide<\/p><p><b>MARS<\/b><br \/>Semaine d&#8217;information pour la sant\u00e9 mentale<\/p><p><b>AVRIL<\/b><br \/>Journ\u00e9e mondiale de la Sant\u00e9<\/p><p>Journ\u00e9e mondiale de la s\u00e9curit\u00e9 et sant\u00e9 au travail<\/p><p><b>JUIN<br \/><\/b>Semaine de la Qualit\u00e9 de Vie au Travail<\/p><p><b>SEPTEMBRE<\/b><br \/>Journ\u00e9e mondiale de pr\u00e9vention du suicide<\/p><p><b>OCTOBRE<\/b><br \/>Journ\u00e9e mondiale de la sant\u00e9 mentale<\/p><p>Semaine de la s\u00e9curit\u00e9 et sant\u00e9 au travail<\/p><p><b>NOVEMBRE<\/b><br \/>Movember, mois de sensibilisation aux pathologies masculines<\/p>\t\t\t\t\t\t\t\t<\/div>\n\t\t\t\t<\/div>\n\t\t\t\t\t<\/div>\n\t\t<\/div>\n\t\t\t\t\t<\/div>\n\t\t<\/section>\n\t\t\t\t\t<\/div>\n\t\t<\/div>\n\t\t\t\t<div class=\"elementor-column elementor-col-50 elementor-top-column elementor-element elementor-element-b3dc990\" data-id=\"b3dc990\" data-element_type=\"column\" data-e-type=\"column\">\n\t\t\t<div class=\"elementor-widget-wrap elementor-element-populated\">\n\t\t\t\t\t\t<div class=\"elementor-element elementor-element-13538b6 elementor-widget elementor-widget-heading\" data-id=\"13538b6\" data-element_type=\"widget\" data-e-type=\"widget\" data-widget_type=\"heading.default\">\n\t\t\t\t<div class=\"elementor-widget-container\">\n\t\t\t\t\t<h4 class=\"elementor-heading-title elementor-size-default\">Infos pratiques<\/h4>\t\t\t\t<\/div>\n\t\t\t\t<\/div>\n\t\t\t\t<div class=\"elementor-element elementor-element-2322e7c elementor-widget elementor-widget-jet-team-member\" data-id=\"2322e7c\" data-element_type=\"widget\" data-e-type=\"widget\" data-widget_type=\"jet-team-member.default\">\n\t\t\t\t<div class=\"elementor-widget-container\">\n\t\t\t\t\t<div class=\"elementor-jet-team-member jet-elements\"><div class=\"jet-team-member\">\n\t<div class=\"jet-team-member__inner\">\n\t\t\t<div class=\"jet-team-member__image\">\n\t\t\t<div class=\"jet-team-member__cover\"><\/div>\n\t\t\t\t\t<\/div>\n\t\t<div class=\"jet-team-member__content\"><h4 class=\"jet-team-member__name\"><span class=\"jet-team-member__name-first\">Format et Dur\u00e9e<\/span><\/h4><p class=\"jet-team-member__desc\">Conf\u00e9rence en pr\u00e9sentiel<\/br>\n(1h + 15 min Q\/R)<\/li>\n\n<\/br><\/br>Webinaire en distanciel<\/br>\n(1h + 15 min Q\/R)<\/li>\n<\/p><div class=\"jet-team-member__socials\"><\/div><\/div>\n\t<\/div>\n\t<\/div>\n<\/div>\t\t\t\t<\/div>\n\t\t\t\t<\/div>\n\t\t\t\t<div class=\"elementor-element elementor-element-c299890 elementor-widget elementor-widget-jet-team-member\" data-id=\"c299890\" data-element_type=\"widget\" data-e-type=\"widget\" data-widget_type=\"jet-team-member.default\">\n\t\t\t\t<div class=\"elementor-widget-container\">\n\t\t\t\t\t<div class=\"elementor-jet-team-member jet-elements\"><div class=\"jet-team-member\">\n\t<div class=\"jet-team-member__inner\">\n\t\t\t<div class=\"jet-team-member__image\">\n\t\t\t<div class=\"jet-team-member__cover\"><\/div>\n\t\t\t\t\t<\/div>\n\t\t<div class=\"jet-team-member__content\"><h4 class=\"jet-team-member__name\"><span class=\"jet-team-member__name-first\">Public<\/span><\/h4><p class=\"jet-team-member__desc\">Tout public<\/p><div class=\"jet-team-member__socials\"><\/div><\/div>\n\t<\/div>\n\t<\/div>\n<\/div>\t\t\t\t<\/div>\n\t\t\t\t<\/div>\n\t\t\t\t<div class=\"elementor-element elementor-element-1cc1ce1 elementor-widget elementor-widget-jet-team-member\" data-id=\"1cc1ce1\" data-element_type=\"widget\" data-e-type=\"widget\" data-widget_type=\"jet-team-member.default\">\n\t\t\t\t<div class=\"elementor-widget-container\">\n\t\t\t\t\t<div class=\"elementor-jet-team-member jet-elements\"><div class=\"jet-team-member\">\n\t<div class=\"jet-team-member__inner\">\n\t\t\t<div class=\"jet-team-member__image\">\n\t\t\t<div class=\"jet-team-member__cover\"><\/div>\n\t\t\t\t\t<\/div>\n\t\t<div class=\"jet-team-member__content\"><h4 class=\"jet-team-member__name\"><span class=\"jet-team-member__name-first\">Pr\u00e9-requis<\/span><\/h4><p class=\"jet-team-member__desc\">Aucun\n<\/p><div class=\"jet-team-member__socials\"><\/div><\/div>\n\t<\/div>\n\t<\/div>\n<\/div>\t\t\t\t<\/div>\n\t\t\t\t<\/div>\n\t\t\t\t<div class=\"elementor-element elementor-element-5fd935b elementor-align-center elementor-widget elementor-widget-button\" data-id=\"5fd935b\" data-element_type=\"widget\" data-e-type=\"widget\" data-widget_type=\"button.default\">\n\t\t\t\t<div class=\"elementor-widget-container\">\n\t\t\t\t\t\t\t\t\t<div class=\"elementor-button-wrapper\">\n\t\t\t\t\t<a class=\"elementor-button elementor-button-link elementor-size-sm\" href=\"https:\/\/www.medisur.fr\/devis-risques-psychosociaux\/\">\n\t\t\t\t\t\t<span class=\"elementor-button-content-wrapper\">\n\t\t\t\t\t\t\t\t\t<span class=\"elementor-button-text\">Demander un devis<\/span>\n\t\t\t\t\t<\/span>\n\t\t\t\t\t<\/a>\n\t\t\t\t<\/div>\n\t\t\t\t\t\t\t\t<\/div>\n\t\t\t\t<\/div>\n\t\t\t\t\t<\/div>\n\t\t<\/div>\n\t\t\t\t\t<\/div>\n\t\t<\/section>\n\t\t\t\t<section class=\"elementor-section elementor-top-section elementor-element elementor-element-1331ad4 elementor-section-boxed elementor-section-height-default elementor-section-height-default\" data-id=\"1331ad4\" data-element_type=\"section\" data-e-type=\"section\" data-settings=\"{&quot;jet_parallax_layout_list&quot;:[]}\">\n\t\t\t\t\t\t<div class=\"elementor-container elementor-column-gap-default\">\n\t\t\t\t\t<div class=\"elementor-column elementor-col-100 elementor-top-column elementor-element elementor-element-d0c4e4e\" data-id=\"d0c4e4e\" data-element_type=\"column\" data-e-type=\"column\">\n\t\t\t<div class=\"elementor-widget-wrap elementor-element-populated\">\n\t\t\t\t\t\t<div class=\"elementor-element elementor-element-a3ccebf elementor-widget elementor-widget-heading\" data-id=\"a3ccebf\" data-element_type=\"widget\" data-e-type=\"widget\" data-widget_type=\"heading.default\">\n\t\t\t\t<div class=\"elementor-widget-container\">\n\t\t\t\t\t<h6 class=\"elementor-heading-title elementor-size-default\">Cela peut vous int\u00e9resser<\/h6>\t\t\t\t<\/div>\n\t\t\t\t<\/div>\n\t\t\t\t<div class=\"elementor-element elementor-element-f4ff626 elementor-widget elementor-widget-heading\" data-id=\"f4ff626\" data-element_type=\"widget\" data-e-type=\"widget\" data-widget_type=\"heading.default\">\n\t\t\t\t<div class=\"elementor-widget-container\">\n\t\t\t\t\t<h3 class=\"elementor-heading-title elementor-size-default\"><a href=\"https:\/\/www.medisur.fr\/sante-mentale\/\">Retrouvez nos autres modules de Medisur en <span style=\"color:#66CCCC\">Sant\u00e9 mentale<\/span><\/a><\/h3>\t\t\t\t<\/div>\n\t\t\t\t<\/div>\n\t\t\t\t<div class=\"elementor-element elementor-element-c3c867c elementor-widget elementor-widget-text-editor\" data-id=\"c3c867c\" data-element_type=\"widget\" data-e-type=\"widget\" data-widget_type=\"text-editor.default\">\n\t\t\t\t<div class=\"elementor-widget-container\">\n\t\t\t\t\t\t\t\t\t<div class=\"elementor-element elementor-element-966e265 elementor-widget elementor-widget-text-editor\" data-id=\"966e265\" data-element_type=\"widget\" data-widget_type=\"text-editor.default\"><div class=\"elementor-widget-container\"><p>N\u2019en restez pas l\u00e0, compl\u00e9tez votre action de pr\u00e9vention sant\u00e9 aupr\u00e8s de vos \u00e9quipes :\u00a0<\/p><\/div><\/div>\t\t\t\t\t\t\t\t<\/div>\n\t\t\t\t<\/div>\n\t\t\t\t\t<\/div>\n\t\t<\/div>\n\t\t\t\t\t<\/div>\n\t\t<\/section>\n\t\t\t\t<section class=\"elementor-section elementor-top-section elementor-element elementor-element-03d2bb6 elementor-section-boxed elementor-section-height-default elementor-section-height-default\" data-id=\"03d2bb6\" data-element_type=\"section\" data-e-type=\"section\" data-settings=\"{&quot;jet_parallax_layout_list&quot;:[]}\">\n\t\t\t\t\t\t<div class=\"elementor-container elementor-column-gap-extended\">\n\t\t\t\t\t<div class=\"elementor-column elementor-col-25 elementor-top-column elementor-element elementor-element-68db195\" data-id=\"68db195\" data-element_type=\"column\" data-e-type=\"column\">\n\t\t\t<div class=\"elementor-widget-wrap elementor-element-populated\">\n\t\t\t\t\t\t<div class=\"elementor-element elementor-element-14010fe elementor-widget elementor-widget-jet-team-member\" data-id=\"14010fe\" data-element_type=\"widget\" data-e-type=\"widget\" data-widget_type=\"jet-team-member.default\">\n\t\t\t\t<div class=\"elementor-widget-container\">\n\t\t\t\t\t<div class=\"elementor-jet-team-member jet-elements\"><div class=\"jet-team-member\">\n\t<div class=\"jet-team-member__inner\">\n\t\t\t<div class=\"jet-team-member__image\">\n\t\t\t<div class=\"jet-team-member__cover\"><\/div>\n\t\t\t<figure class=\"jet-team-member__figure\"><img fetchpriority=\"high\" decoding=\"async\" width=\"300\" height=\"300\" src=\"https:\/\/www.medisur.fr\/wp-content\/uploads\/2025\/03\/formation-intervenant-sante-mentale-managers-qualiopi-entreprise.png\" class=\"jet-team-member__img-tag\" alt=\"managers suivant une formation d&#039;intervenant en sant\u00e9 mentale en entreprise\" srcset=\"https:\/\/www.medisur.fr\/wp-content\/uploads\/2025\/03\/formation-intervenant-sante-mentale-managers-qualiopi-entreprise.png 300w, https:\/\/www.medisur.fr\/wp-content\/uploads\/2025\/03\/formation-intervenant-sante-mentale-managers-qualiopi-entreprise-100x100.png 100w, https:\/\/www.medisur.fr\/wp-content\/uploads\/2025\/03\/formation-intervenant-sante-mentale-managers-qualiopi-entreprise-150x150.png 150w, https:\/\/www.medisur.fr\/wp-content\/uploads\/2025\/03\/formation-intervenant-sante-mentale-managers-qualiopi-entreprise-12x12.png 12w\" sizes=\"(max-width: 300px) 100vw, 300px\" \/><\/figure>\t\t<\/div>\n\t\t<div class=\"jet-team-member__content\"><h3 class=\"jet-team-member__name\"><span class=\"jet-team-member__name-first\">Formation Intervenant en sant\u00e9 mentale<\/br><\/span><span class=\"jet-team-member__name-last\"> MANAGERS<\/span><\/h3><p class=\"jet-team-member__desc\">Permettre aux managers de <b>rep\u00e9rer les signes d\u2019un mal-\u00eatre<\/b> et d\u2019agir efficacement face \u00e0 un collaborateur en d\u00e9tresse. <\/p><div class=\"jet-team-member__socials\"><div class=\"jet-team-member__socials-item\"><a href=\"https:\/\/www.medisur.fr\/sante-mentale\/formation-intervenants-en-sante-mentale\/\" aria-label=\"D\u00e9couvrir\"><span class=\"jet-team-member__socials-label\">D\u00e9couvrir<\/span><\/a><\/div><\/div><\/div>\n\t<\/div>\n\t<\/div>\n<\/div>\t\t\t\t<\/div>\n\t\t\t\t<\/div>\n\t\t\t\t\t<\/div>\n\t\t<\/div>\n\t\t\t\t<div class=\"elementor-column elementor-col-25 elementor-top-column elementor-element elementor-element-0c411ff\" data-id=\"0c411ff\" data-element_type=\"column\" data-e-type=\"column\">\n\t\t\t<div class=\"elementor-widget-wrap elementor-element-populated\">\n\t\t\t\t\t\t<div class=\"elementor-element elementor-element-a8fb38c elementor-widget elementor-widget-jet-team-member\" data-id=\"a8fb38c\" data-element_type=\"widget\" data-e-type=\"widget\" data-widget_type=\"jet-team-member.default\">\n\t\t\t\t<div class=\"elementor-widget-container\">\n\t\t\t\t\t<div class=\"elementor-jet-team-member jet-elements\"><div class=\"jet-team-member\">\n\t<div class=\"jet-team-member__inner\">\n\t\t\t<div class=\"jet-team-member__image\">\n\t\t\t<div class=\"jet-team-member__cover\"><\/div>\n\t\t\t<figure class=\"jet-team-member__figure\"><img decoding=\"async\" width=\"300\" height=\"300\" src=\"https:\/\/www.medisur.fr\/wp-content\/uploads\/2025\/03\/formation-bienveilleur-sante-mentale-collaborateurs-qualiopi-entreprise.png\" class=\"jet-team-member__img-tag\" alt=\"collaborateur suivant une formation de bienveilleur en sant\u00e9 mentale en entreprise\" srcset=\"https:\/\/www.medisur.fr\/wp-content\/uploads\/2025\/03\/formation-bienveilleur-sante-mentale-collaborateurs-qualiopi-entreprise.png 300w, https:\/\/www.medisur.fr\/wp-content\/uploads\/2025\/03\/formation-bienveilleur-sante-mentale-collaborateurs-qualiopi-entreprise-100x100.png 100w, https:\/\/www.medisur.fr\/wp-content\/uploads\/2025\/03\/formation-bienveilleur-sante-mentale-collaborateurs-qualiopi-entreprise-150x150.png 150w, https:\/\/www.medisur.fr\/wp-content\/uploads\/2025\/03\/formation-bienveilleur-sante-mentale-collaborateurs-qualiopi-entreprise-12x12.png 12w\" sizes=\"(max-width: 300px) 100vw, 300px\" \/><\/figure>\t\t<\/div>\n\t\t<div class=\"jet-team-member__content\"><h3 class=\"jet-team-member__name\"><span class=\"jet-team-member__name-first\">Formation Bienveilleur en sant\u00e9 mentale<\/br><\/span><span class=\"jet-team-member__name-last\"> COLLABORATEURS<\/span><\/h3><p class=\"jet-team-member__desc\">Former les collaborateurs \u00e0 <b>l'\u00e9coute active et leur apprendre \u00e0 orienter<\/b> les \u00e9quipes vers les ressources adapt\u00e9es. <\/br><\/p><div class=\"jet-team-member__socials\"><div class=\"jet-team-member__socials-item\"><a href=\"https:\/\/www.medisur.fr\/sante-mentale\/formation-bienveilleur-en-sante-mentale\/\" aria-label=\"D\u00e9couvrir\"><span class=\"jet-team-member__socials-label\">D\u00e9couvrir<\/span><\/a><\/div><\/div><\/div>\n\t<\/div>\n\t<\/div>\n<\/div>\t\t\t\t<\/div>\n\t\t\t\t<\/div>\n\t\t\t\t\t<\/div>\n\t\t<\/div>\n\t\t\t\t<div class=\"elementor-column elementor-col-25 elementor-top-column elementor-element elementor-element-29f0537\" data-id=\"29f0537\" data-element_type=\"column\" data-e-type=\"column\">\n\t\t\t<div class=\"elementor-widget-wrap elementor-element-populated\">\n\t\t\t\t\t\t<div class=\"elementor-element elementor-element-96ed4c2 elementor-widget elementor-widget-jet-team-member\" data-id=\"96ed4c2\" data-element_type=\"widget\" data-e-type=\"widget\" data-widget_type=\"jet-team-member.default\">\n\t\t\t\t<div class=\"elementor-widget-container\">\n\t\t\t\t\t<div class=\"elementor-jet-team-member jet-elements\"><div class=\"jet-team-member\">\n\t<div class=\"jet-team-member__inner\">\n\t\t\t<div class=\"jet-team-member__image\">\n\t\t\t<div class=\"jet-team-member__cover\"><\/div>\n\t\t\t<figure class=\"jet-team-member__figure\"><img decoding=\"async\" width=\"300\" height=\"300\" src=\"https:\/\/www.medisur.fr\/wp-content\/uploads\/2025\/02\/carte-webinaires-sensibilisation-sante-mentale-entreprise.png\" class=\"jet-team-member__img-tag\" alt=\"illustration d&#039;un employ\u00e9 qui prend soin de sa sant\u00e9 mentale lors d&#039;un webinaire en entreprise\" srcset=\"https:\/\/www.medisur.fr\/wp-content\/uploads\/2025\/02\/carte-webinaires-sensibilisation-sante-mentale-entreprise.png 300w, https:\/\/www.medisur.fr\/wp-content\/uploads\/2025\/02\/carte-webinaires-sensibilisation-sante-mentale-entreprise-100x100.png 100w, https:\/\/www.medisur.fr\/wp-content\/uploads\/2025\/02\/carte-webinaires-sensibilisation-sante-mentale-entreprise-150x150.png 150w, https:\/\/www.medisur.fr\/wp-content\/uploads\/2025\/02\/carte-webinaires-sensibilisation-sante-mentale-entreprise-12x12.png 12w\" sizes=\"(max-width: 300px) 100vw, 300px\" \/><\/figure>\t\t<\/div>\n\t\t<div class=\"jet-team-member__content\"><h3 class=\"jet-team-member__name\"><span class=\"jet-team-member__name-first\">Programme sensibilisation <\/br>sant\u00e9 mentale<\/br><\/span><span class=\"jet-team-member__name-last\"> BIEN-\u00caTRE MENTAL<\/span><\/h3><p class=\"jet-team-member__desc\">Sensibiliser et accompagner les \u00e9quipes dans la <b>compr\u00e9hension et la pr\u00e9vention de la sant\u00e9 mentale<\/b> au travail<\/p><div class=\"jet-team-member__socials\"><div class=\"jet-team-member__socials-item\"><a href=\"https:\/\/www.medisur.fr\/sante-mentale\/sensibilisation-sante-mentale\" aria-label=\"D\u00e9couvrir\"><span class=\"jet-team-member__socials-label\">D\u00e9couvrir<\/span><\/a><\/div><\/div><\/div>\n\t<\/div>\n\t<\/div>\n<\/div>\t\t\t\t<\/div>\n\t\t\t\t<\/div>\n\t\t\t\t\t<\/div>\n\t\t<\/div>\n\t\t\t\t<div class=\"elementor-column elementor-col-25 elementor-top-column elementor-element elementor-element-70599fc\" data-id=\"70599fc\" data-element_type=\"column\" data-e-type=\"column\">\n\t\t\t<div class=\"elementor-widget-wrap elementor-element-populated\">\n\t\t\t\t\t\t<div class=\"elementor-element elementor-element-f7e5281 elementor-widget elementor-widget-jet-team-member\" data-id=\"f7e5281\" data-element_type=\"widget\" data-e-type=\"widget\" data-widget_type=\"jet-team-member.default\">\n\t\t\t\t<div class=\"elementor-widget-container\">\n\t\t\t\t\t<div class=\"elementor-jet-team-member jet-elements\"><div class=\"jet-team-member\">\n\t<div class=\"jet-team-member__inner\">\n\t\t\t<div class=\"jet-team-member__image\">\n\t\t\t<div class=\"jet-team-member__cover\"><\/div>\n\t\t\t<figure class=\"jet-team-member__figure\"><img loading=\"lazy\" decoding=\"async\" width=\"300\" height=\"300\" src=\"https:\/\/www.medisur.fr\/wp-content\/uploads\/2024\/03\/Atelier-cultiver-la-serenite.png\" class=\"jet-team-member__img-tag\" alt=\"atelier cultiver la s\u00e9r\u00e9nit\u00e9 au travail pour apprendre \u00e0 am\u00e9liorer les interactions professionnelles entre les salari\u00e9s\" srcset=\"https:\/\/www.medisur.fr\/wp-content\/uploads\/2024\/03\/Atelier-cultiver-la-serenite.png 300w, https:\/\/www.medisur.fr\/wp-content\/uploads\/2024\/03\/Atelier-cultiver-la-serenite-100x100.png 100w, https:\/\/www.medisur.fr\/wp-content\/uploads\/2024\/03\/Atelier-cultiver-la-serenite-150x150.png 150w, https:\/\/www.medisur.fr\/wp-content\/uploads\/2024\/03\/Atelier-cultiver-la-serenite-12x12.png 12w\" sizes=\"(max-width: 300px) 100vw, 300px\" \/><\/figure>\t\t<\/div>\n\t\t<div class=\"jet-team-member__content\"><h3 class=\"jet-team-member__name\"><span class=\"jet-team-member__name-first\">Cultiver la s\u00e9r\u00e9nit\u00e9 au travail<br\/><\/span><span class=\"jet-team-member__name-last\"> ATELIER PARTICIPATIF<\/span><\/h3><p class=\"jet-team-member__desc\">Renforcer les relations professionnelles gr\u00e2ce \u00e0 la <b>communication positive, l\u2019\u00e9coute active et la mindfulness<\/b> (pleine conscience)<\/p><div class=\"jet-team-member__socials\"><div class=\"jet-team-member__socials-item\"><a href=\"https:\/\/www.medisur.fr\/sante-mentale\/atelier-cultiver-la-serenite-au-travail\/\" aria-label=\"D\u00e9couvrir\"><span class=\"jet-team-member__socials-label\">D\u00e9couvrir<\/span><\/a><\/div><\/div><\/div>\n\t<\/div>\n\t<\/div>\n<\/div>\t\t\t\t<\/div>\n\t\t\t\t<\/div>\n\t\t\t\t\t<\/div>\n\t\t<\/div>\n\t\t\t\t\t<\/div>\n\t\t<\/section>\n\t\t\t\t<section class=\"elementor-section elementor-top-section elementor-element elementor-element-890a193 elementor-section-boxed elementor-section-height-default elementor-section-height-default\" data-id=\"890a193\" data-element_type=\"section\" data-e-type=\"section\" data-settings=\"{&quot;jet_parallax_layout_list&quot;:[],&quot;background_background&quot;:&quot;classic&quot;}\">\n\t\t\t\t\t\t<div class=\"elementor-container elementor-column-gap-default\">\n\t\t\t\t\t<div class=\"elementor-column elementor-col-50 elementor-top-column elementor-element elementor-element-d94820a\" data-id=\"d94820a\" data-element_type=\"column\" data-e-type=\"column\">\n\t\t\t<div class=\"elementor-widget-wrap elementor-element-populated\">\n\t\t\t\t\t\t<div class=\"elementor-element elementor-element-d12c170 elementor-widget elementor-widget-image\" data-id=\"d12c170\" data-element_type=\"widget\" data-e-type=\"widget\" data-widget_type=\"image.default\">\n\t\t\t\t<div class=\"elementor-widget-container\">\n\t\t\t\t\t\t\t\t\t\t\t\t\t\t\t<img loading=\"lazy\" decoding=\"async\" width=\"300\" height=\"300\" src=\"https:\/\/www.medisur.fr\/wp-content\/uploads\/2025\/02\/catalogue.png\" class=\"attachment-large size-large wp-image-20110\" alt=\"catalogue de services et d&#039;actions sant\u00e9 globale, bien-\u00eatre et s\u00e9curit\u00e9 de medisur en entreprise\" srcset=\"https:\/\/www.medisur.fr\/wp-content\/uploads\/2025\/02\/catalogue.png 300w, https:\/\/www.medisur.fr\/wp-content\/uploads\/2025\/02\/catalogue-100x100.png 100w, https:\/\/www.medisur.fr\/wp-content\/uploads\/2025\/02\/catalogue-150x150.png 150w, https:\/\/www.medisur.fr\/wp-content\/uploads\/2025\/02\/catalogue-12x12.png 12w\" sizes=\"(max-width: 300px) 100vw, 300px\" \/>\t\t\t\t\t\t\t\t\t\t\t\t\t\t\t<\/div>\n\t\t\t\t<\/div>\n\t\t\t\t\t<\/div>\n\t\t<\/div>\n\t\t\t\t<div class=\"elementor-column elementor-col-50 elementor-top-column elementor-element elementor-element-a93b5b4\" data-id=\"a93b5b4\" data-element_type=\"column\" data-e-type=\"column\">\n\t\t\t<div class=\"elementor-widget-wrap elementor-element-populated\">\n\t\t\t\t\t\t<div class=\"elementor-element elementor-element-fe2a6d0 elementor-widget elementor-widget-heading\" data-id=\"fe2a6d0\" data-element_type=\"widget\" data-e-type=\"widget\" data-widget_type=\"heading.default\">\n\t\t\t\t<div class=\"elementor-widget-container\">\n\t\t\t\t\t<h5 class=\"elementor-heading-title elementor-size-default\">CATALOGUE<\/h5>\t\t\t\t<\/div>\n\t\t\t\t<\/div>\n\t\t\t\t<div class=\"elementor-element elementor-element-8201dba elementor-widget elementor-widget-text-editor\" data-id=\"8201dba\" data-element_type=\"widget\" data-e-type=\"widget\" data-widget_type=\"text-editor.default\">\n\t\t\t\t<div class=\"elementor-widget-container\">\n\t\t\t\t\t\t\t\t\t<p>Vous souhaitez agir pour la sant\u00e9, la qualit\u00e9 de Vie (QVT) et la s\u00e9curit\u00e9 de vos \u00e9quipes et booster les performances de votre organisation ? T\u00e9l\u00e9chargez notre catalogue d&#8217;actions sant\u00e9.\u00a0<\/p>\t\t\t\t\t\t\t\t<\/div>\n\t\t\t\t<\/div>\n\t\t\t\t<div class=\"elementor-element elementor-element-73f0cc1 elementor-align-center elementor-widget elementor-widget-button\" data-id=\"73f0cc1\" data-element_type=\"widget\" data-e-type=\"widget\" data-widget_type=\"button.default\">\n\t\t\t\t<div class=\"elementor-widget-container\">\n\t\t\t\t\t\t\t\t\t<div class=\"elementor-button-wrapper\">\n\t\t\t\t\t<a class=\"elementor-button elementor-button-link elementor-size-sm elementor-animation-shrink\" href=\"https:\/\/www.medisur.fr\/catalogue\/\">\n\t\t\t\t\t\t<span class=\"elementor-button-content-wrapper\">\n\t\t\t\t\t\t<span class=\"elementor-button-icon\">\n\t\t\t\t<i aria-hidden=\"true\" class=\"fas fa-chevron-circle-right\"><\/i>\t\t\t<\/span>\n\t\t\t\t\t\t\t\t\t<span class=\"elementor-button-text\">Voir notre catalogue complet<\/span>\n\t\t\t\t\t<\/span>\n\t\t\t\t\t<\/a>\n\t\t\t\t<\/div>\n\t\t\t\t\t\t\t\t<\/div>\n\t\t\t\t<\/div>\n\t\t\t\t\t<\/div>\n\t\t<\/div>\n\t\t\t\t\t<\/div>\n\t\t<\/section>\n\t\t\t\t<section class=\"elementor-section elementor-top-section elementor-element elementor-element-9cb8b66 elementor-section-boxed elementor-section-height-default elementor-section-height-default\" data-id=\"9cb8b66\" data-element_type=\"section\" data-e-type=\"section\" data-settings=\"{&quot;jet_parallax_layout_list&quot;:[],&quot;background_background&quot;:&quot;classic&quot;}\">\n\t\t\t\t\t\t\t<div class=\"elementor-background-overlay\"><\/div>\n\t\t\t\t\t\t\t<div class=\"elementor-container elementor-column-gap-extended\">\n\t\t\t\t\t<div class=\"elementor-column elementor-col-50 elementor-top-column elementor-element elementor-element-1adb17c\" data-id=\"1adb17c\" data-element_type=\"column\" data-e-type=\"column\">\n\t\t\t<div class=\"elementor-widget-wrap elementor-element-populated\">\n\t\t\t\t\t\t<div class=\"elementor-element elementor-element-00b8790 elementor-widget elementor-widget-heading\" data-id=\"00b8790\" data-element_type=\"widget\" data-e-type=\"widget\" data-widget_type=\"heading.default\">\n\t\t\t\t<div class=\"elementor-widget-container\">\n\t\t\t\t\t<h6 class=\"elementor-heading-title elementor-size-default\">Une exp\u00e9rience unique<\/h6>\t\t\t\t<\/div>\n\t\t\t\t<\/div>\n\t\t\t\t<div class=\"elementor-element elementor-element-4b2eba8 elementor-widget elementor-widget-text-editor\" data-id=\"4b2eba8\" data-element_type=\"widget\" data-e-type=\"widget\" data-widget_type=\"text-editor.default\">\n\t\t\t\t<div class=\"elementor-widget-container\">\n\t\t\t\t\t\t\t\t\t<p>La m\u00e9thode <span style=\"color: #66cccc;\">Medisur<\/span><\/p>\t\t\t\t\t\t\t\t<\/div>\n\t\t\t\t<\/div>\n\t\t\t\t<div class=\"elementor-element elementor-element-66d6c7e elementor-widget elementor-widget-text-editor\" data-id=\"66d6c7e\" data-element_type=\"widget\" data-e-type=\"widget\" data-widget_type=\"text-editor.default\">\n\t\t\t\t<div class=\"elementor-widget-container\">\n\t\t\t\t\t\t\t\t\t<p>Un <b>processus concret <\/b>combinant sensibilisation, mise en pratique avec la Box sant\u00e9 by Medisur et dialogue avec des experts en sant\u00e9.<\/p>\t\t\t\t\t\t\t\t<\/div>\n\t\t\t\t<\/div>\n\t\t\t\t\t<\/div>\n\t\t<\/div>\n\t\t\t\t<div class=\"elementor-column elementor-col-50 elementor-top-column elementor-element elementor-element-6253612\" data-id=\"6253612\" data-element_type=\"column\" data-e-type=\"column\">\n\t\t\t<div class=\"elementor-widget-wrap elementor-element-populated\">\n\t\t\t\t\t\t<div class=\"elementor-element elementor-element-3c3ec47 elementor-widget elementor-widget-video\" data-id=\"3c3ec47\" data-element_type=\"widget\" data-e-type=\"widget\" data-settings=\"{&quot;youtube_url&quot;:&quot;https:\\\/\\\/www.youtube.com\\\/watch?v=e63hRa3qjD0&quot;,&quot;video_type&quot;:&quot;youtube&quot;,&quot;controls&quot;:&quot;yes&quot;}\" data-widget_type=\"video.default\">\n\t\t\t\t<div class=\"elementor-widget-container\">\n\t\t\t\t\t\t\t<div class=\"elementor-wrapper elementor-open-inline\">\n\t\t\t<div class=\"elementor-video\"><\/div>\t\t<\/div>\n\t\t\t\t\t\t<\/div>\n\t\t\t\t<\/div>\n\t\t\t\t\t<\/div>\n\t\t<\/div>\n\t\t\t\t\t<\/div>\n\t\t<\/section>\n\t\t\t\t<section class=\"elementor-section elementor-top-section elementor-element elementor-element-b7dcd90 elementor-section-boxed elementor-section-height-default elementor-section-height-default\" data-id=\"b7dcd90\" data-element_type=\"section\" data-e-type=\"section\" data-settings=\"{&quot;jet_parallax_layout_list&quot;:[]}\">\n\t\t\t\t\t\t<div class=\"elementor-container elementor-column-gap-default\">\n\t\t\t\t\t<div class=\"elementor-column elementor-col-100 elementor-top-column elementor-element elementor-element-5a360612\" data-id=\"5a360612\" data-element_type=\"column\" data-e-type=\"column\">\n\t\t\t<div class=\"elementor-widget-wrap elementor-element-populated\">\n\t\t\t\t\t\t<div class=\"elementor-element elementor-element-699d794f elementor-widget elementor-widget-heading\" data-id=\"699d794f\" data-element_type=\"widget\" data-e-type=\"widget\" data-widget_type=\"heading.default\">\n\t\t\t\t<div class=\"elementor-widget-container\">\n\t\t\t\t\t<h6 class=\"elementor-heading-title elementor-size-default\">T\u00e9moignages clients<\/h6>\t\t\t\t<\/div>\n\t\t\t\t<\/div>\n\t\t\t\t<div class=\"elementor-element elementor-element-27846613 elementor-widget elementor-widget-heading\" data-id=\"27846613\" data-element_type=\"widget\" data-e-type=\"widget\" data-widget_type=\"heading.default\">\n\t\t\t\t<div class=\"elementor-widget-container\">\n\t\t\t\t\t<h6 class=\"elementor-heading-title elementor-size-default\">Leurs <span style=\"color:#66CCCC\">\u00e9quipes <\/span>ont ador\u00e9<\/h6>\t\t\t\t<\/div>\n\t\t\t\t<\/div>\n\t\t\t\t<div class=\"elementor-element elementor-element-6ddbe3ab elementor-widget elementor-widget-jet-testimonials\" data-id=\"6ddbe3ab\" data-element_type=\"widget\" data-e-type=\"widget\" data-settings=\"{&quot;slides_to_show&quot;:&quot;3&quot;,&quot;slides_to_show_tablet&quot;:&quot;2&quot;,&quot;slides_to_show_mobile&quot;:&quot;1&quot;,&quot;slides_to_scroll&quot;:&quot;1&quot;}\" data-widget_type=\"jet-testimonials.default\">\n\t\t\t\t<div class=\"elementor-widget-container\">\n\t\t\t\t\t<div class=\"elementor-jet-testimonials jet-elements\">\n<div class=\"jet-testimonials jet-equal-cols\">\n\t<div class=\"jet-testimonials__instance elementor-slick-slider\"data-settings='{&quot;autoplaySpeed&quot;:5000,&quot;autoplay&quot;:true,&quot;infinite&quot;:true,&quot;centerMode&quot;:false,&quot;centerPadding&quot;:&quot;50px&quot;,&quot;adaptiveHeight&quot;:true,&quot;pauseOnHover&quot;:false,&quot;speed&quot;:500,&quot;arrows&quot;:false,&quot;dots&quot;:true,&quot;slidesToScroll&quot;:1,&quot;prevArrow&quot;:&quot;.jet-testimonial__prev-arrow-6ddbe3ab&quot;,&quot;nextArrow&quot;:&quot;.jet-testimonial__next-arrow-6ddbe3ab&quot;,&quot;rtl&quot;:false}' dir=\"ltr\"><div class=\"jet-testimonials__item\">\n\t<div class=\"jet-testimonials__item-inner\">\n\t\t\t\t<div class=\"jet-testimonials__content\"><figure class=\"jet-testimonials__figure\"><img decoding=\"async\" class=\"jet-testimonials__tag-img\" src=\"https:\/\/www.medisur.fr\/wp-content\/uploads\/2023\/06\/logo-happydemics.png\" alt=\"logo happydemics\" loading=\"lazy\"><\/figure><div class=\"jet-testimonials__comment\"><b>Happydemics<\/b> \u2014 \u201cIntervenante tr\u00e8s <b>accessible, disponible et bienveillante<\/b>.\nLe format est tr\u00e8s <b>pratique<\/b> pour s'informer, puis \u00e9changer en petits groupes et poser des questions.\u201d<\/div><div class=\"jet-testimonials__date\"><span>Atelier pratique Octobre Rose<\/span><\/div><\/div>\n\t\t\t<\/div>\n<\/div>\n\n<div class=\"jet-testimonials__item\">\n\t<div class=\"jet-testimonials__item-inner\">\n\t\t\t\t<div class=\"jet-testimonials__content\"><figure class=\"jet-testimonials__figure\"><img decoding=\"async\" class=\"jet-testimonials__tag-img\" src=\"https:\/\/www.medisur.fr\/wp-content\/uploads\/2023\/06\/logo-pernod-ricard-france_couleur.png\" alt=\"logo pernod ricard france_couleur\" loading=\"lazy\"><\/figure><div class=\"jet-testimonials__comment\"><b>Pernod Ricard France<\/b> \u2014 \u201cDes retours <B>tr\u00e8s positifs<\/b>. Cela a suscit\u00e9 un <b>vif int\u00e9r\u00eat<\/b> des salari\u00e9s. Beaucoup sont venus chercher les <b>boxs sant\u00e9<\/b> apr\u00e8s la conf\u00e9rence\u201d<\/div><div class=\"jet-testimonials__date\"><span>Conf\u00e9rence Ma peau et le soleil<\/span><\/div><\/div>\n\t\t\t<\/div>\n<\/div>\n\n<div class=\"jet-testimonials__item\">\n\t<div class=\"jet-testimonials__item-inner\">\n\t\t\t\t<div class=\"jet-testimonials__content\"><figure class=\"jet-testimonials__figure\"><img decoding=\"async\" class=\"jet-testimonials__tag-img\" src=\"https:\/\/www.medisur.fr\/wp-content\/uploads\/2023\/06\/logo-atomic-digital-design.png\" alt=\"logo atomic digital design\" loading=\"lazy\"><\/figure><div class=\"jet-testimonials__comment\"><b>Atomic Digital Design<\/b> \u2014 \u201cAtelier tr\u00e8s <b>utile<\/b> puisque les femmes ont elles-m\u00eames demand\u00e9 \u00e0 \u00eatre palp\u00e9es et guid\u00e9es dans l'autopalpation[...]\u201d<\/div><div class=\"jet-testimonials__date\"><span>Atelier Participatif Octobre Rose<\/span><\/div><\/div>\n\t\t\t<\/div>\n<\/div>\n\n<div class=\"jet-testimonials__item\">\n\t<div class=\"jet-testimonials__item-inner\">\n\t\t\t\t<div class=\"jet-testimonials__content\"><figure class=\"jet-testimonials__figure\"><img decoding=\"async\" class=\"jet-testimonials__tag-img\" src=\"https:\/\/www.medisur.fr\/wp-content\/uploads\/2023\/06\/logo-groupe-legendre.jpeg\" alt=\"logo groupe legendre\" loading=\"lazy\"><\/figure><div class=\"jet-testimonials__comment\"><b>Groupe Legendre<\/b> \u2014 \u201cTr\u00e8s satisfait ! Un intervenant <b>professionnel<\/b> qui a su r\u00e9pondre \u00e0 toutes les interrogations du public concernant les <b>pathologies masculines<\/b> [...]\u201d<\/div><div class=\"jet-testimonials__date\"><span>Atelier Participatif Movember<\/span><\/div><\/div>\n\t\t\t<\/div>\n<\/div>\n\n<div class=\"jet-testimonials__item\">\n\t<div class=\"jet-testimonials__item-inner\">\n\t\t\t\t<div class=\"jet-testimonials__content\"><figure class=\"jet-testimonials__figure\"><img decoding=\"async\" class=\"jet-testimonials__tag-img\" src=\"https:\/\/www.medisur.fr\/wp-content\/uploads\/2023\/06\/logo-sante-provence-travail.jpeg\" alt=\"logo sante\u0301 provence travail\" loading=\"lazy\"><\/figure><div class=\"jet-testimonials__comment\"><b>Provence Sant\u00e9 Travail<\/b> \u2014 \u201cDispositif absolument <b>formidable<\/b> il renforce la sensation \u00e0 la palpation.[...] J'encourage les m\u00e9decins \u00e0 l'utiliser, cela va faciliter leur examen. Et les femmes \u00e0 pratiquer <b>l'autopalpation<\/b> avec.\u201d<\/div><div class=\"jet-testimonials__date\"><span>Coussinet d'autopalpation<\/span><\/div><\/div>\n\t\t\t<\/div>\n<\/div>\n\n<div class=\"jet-testimonials__item\">\n\t<div class=\"jet-testimonials__item-inner\">\n\t\t\t\t<div class=\"jet-testimonials__content\"><figure class=\"jet-testimonials__figure\"><img decoding=\"async\" class=\"jet-testimonials__tag-img\" src=\"https:\/\/www.medisur.fr\/wp-content\/uploads\/2023\/06\/logo-experf.jpeg\" alt=\"logo experf\" loading=\"lazy\"><\/figure><div class=\"jet-testimonials__comment\"><b>Experf<\/b> \u2014 \u201cC'est <b>ludique<\/b> [...] On peut toucher, on peut comprendre. Beaucoup plus int\u00e9ressant que de simples mots. Les entreprises devraient proposer des <b>campagnes de pr\u00e9vention<\/b> et ce dispositif \u00e0 leurs collaborateurs..\u201d<\/div><div class=\"jet-testimonials__date\"><span>Conf\u00e9rence et boxs Octobre Rose<\/span><\/div><\/div>\n\t\t\t<\/div>\n<\/div>\n\n<\/div>\n<\/div>\n<\/div>\t\t\t\t<\/div>\n\t\t\t\t<\/div>\n\t\t\t\t\t<\/div>\n\t\t<\/div>\n\t\t\t\t\t<\/div>\n\t\t<\/section>\n\t\t\t\t<section class=\"elementor-section elementor-top-section elementor-element elementor-element-b9e0901 elementor-section-boxed elementor-section-height-default elementor-section-height-default\" data-id=\"b9e0901\" data-element_type=\"section\" data-e-type=\"section\" data-settings=\"{&quot;jet_parallax_layout_list&quot;:[]}\">\n\t\t\t\t\t\t<div class=\"elementor-container elementor-column-gap-default\">\n\t\t\t\t\t<div class=\"elementor-column elementor-col-100 elementor-top-column elementor-element elementor-element-afcdf8a\" data-id=\"afcdf8a\" data-element_type=\"column\" data-e-type=\"column\">\n\t\t\t<div class=\"elementor-widget-wrap elementor-element-populated\">\n\t\t\t\t\t\t<div class=\"elementor-element elementor-element-97cb990 elementor-align-left elementor-widget elementor-widget-raven-heading\" data-id=\"97cb990\" data-element_type=\"widget\" data-e-type=\"widget\" data-widget_type=\"raven-heading.default\">\n\t\t\t\t<div class=\"elementor-widget-container\">\n\t\t\t\t\t\t\t<div class=\"raven-widget-wrapper\"><h3 class=\"raven-heading raven-heading-h3\"><a href=\"https:\/\/www.medisur.fr\/blog\/\"><span class=\"raven-heading-title \">Articles du blog<\/span><\/a><\/h3><\/div>\n\t\t\t\t\t\t<\/div>\n\t\t\t\t<\/div>\n\t\t\t\t<div class=\"elementor-element elementor-element-145c4e5 elementor-widget elementor-widget-raven-posts\" data-id=\"145c4e5\" data-element_type=\"widget\" data-e-type=\"widget\" data-settings=\"{&quot;query_posts_per_page&quot;:3,&quot;_skin&quot;:&quot;classic&quot;,&quot;classic_layout&quot;:&quot;grid&quot;,&quot;classic_columns&quot;:&quot;3&quot;,&quot;classic_columns_tablet&quot;:&quot;2&quot;,&quot;classic_columns_mobile&quot;:&quot;1&quot;,&quot;query_offset&quot;:0}\" data-widget_type=\"raven-posts.classic\">\n\t\t\t\t<div class=\"elementor-widget-container\">\n\t\t\t\t\t\t\t<div class=\"raven-posts raven-grid raven-grid-3 raven-grid-mobile-1 raven-grid-tablet-2\" data-post-id=\"14017\" data-archive-query=\"\" data-lang=\"\">\n\t\t\t\t<div class=\"raven-grid-item raven-post-item post-25282 post type-post status-publish format-standard has-post-thumbnail hentry category-sante_travail category-sante_securite\">\n\t\t\t<div class=\"raven-post\">\n\t\t\t\t\t\t<div class=\"raven-post-image-wrap\">\n\t\t\t<a class=\"raven-post-image raven-image-fit\" href=\"https:\/\/www.medisur.fr\/en\/semaine-qvct-2026-guide-organiser\/\"><img loading=\"lazy\" decoding=\"async\" width=\"768\" height=\"419\" src=\"https:\/\/www.medisur.fr\/wp-content\/uploads\/2026\/04\/Gemini_Generated_Image_8hxsx78hxsx78hxs-768x419.png\" class=\"attachment-medium_large size-medium_large wp-image-25283\" alt=\"\" srcset=\"https:\/\/www.medisur.fr\/wp-content\/uploads\/2026\/04\/Gemini_Generated_Image_8hxsx78hxsx78hxs-768x419.png 768w, https:\/\/www.medisur.fr\/wp-content\/uploads\/2026\/04\/Gemini_Generated_Image_8hxsx78hxsx78hxs-300x164.png 300w, https:\/\/www.medisur.fr\/wp-content\/uploads\/2026\/04\/Gemini_Generated_Image_8hxsx78hxsx78hxs-1024x559.png 1024w, https:\/\/www.medisur.fr\/wp-content\/uploads\/2026\/04\/Gemini_Generated_Image_8hxsx78hxsx78hxs-1536x838.png 1536w, https:\/\/www.medisur.fr\/wp-content\/uploads\/2026\/04\/Gemini_Generated_Image_8hxsx78hxsx78hxs-2048x1117.png 2048w, https:\/\/www.medisur.fr\/wp-content\/uploads\/2026\/04\/Gemini_Generated_Image_8hxsx78hxsx78hxs-18x10.png 18w, https:\/\/www.medisur.fr\/wp-content\/uploads\/2026\/04\/Gemini_Generated_Image_8hxsx78hxsx78hxs-1320x720.png 1320w, https:\/\/www.medisur.fr\/wp-content\/uploads\/2026\/04\/Gemini_Generated_Image_8hxsx78hxsx78hxs-600x327.png 600w\" sizes=\"(max-width: 768px) 100vw, 768px\" \/> <span class=\"raven-post-image-overlay\"><\/span><\/a>\t\t<\/div>\n\t\t\t\t\t\t<div class=\"raven-post-content\">\n\t\t\t\t\t<h3 class=\"raven-post-title\"><a class=\"raven-post-title-link\" href=\"https:\/\/www.medisur.fr\/en\/semaine-qvct-2026-guide-organiser\/\">Semaine de la QVCT 2026 : votre plan d&#8217;action de A \u00e0 Z !<\/a><\/h3>\t\t<div class=\"raven-post-meta\"><a class=\"raven-post-meta-item raven-post-date\" href=\"https:\/\/www.medisur.fr\/en\/2026\/04\/\" rel=\"bookmark\">7 April 2026<\/a>\n<span class=\"raven-post-meta-divider\">\/<\/span>\n<a class=\"raven-post-meta-item raven-post-author\" href=\"https:\/\/www.medisur.fr\/en\/author\/logistique\/\">Vincent DAILLOUX<\/a>\n<span class=\"raven-post-meta-divider\">\/<\/span>\n<span class=\"raven-post-meta-item raven-post-categories\"><a href=\"https:\/\/www.medisur.fr\/en\/category\/sante_travail\/\" rel=\"tag\">sant\u00e9 au travail<\/a>, <a href=\"https:\/\/www.medisur.fr\/en\/category\/sante_securite\/\" rel=\"tag\">sant\u00e9 et s\u00e9curit\u00e9<\/a><\/span><\/div>\n\t\t\t\t\t\t<\/div>\n\t\t\t<\/div>\n\t\t<\/div>\n\t\t\t\t<div class=\"raven-grid-item raven-post-item post-25267 post type-post status-publish format-standard has-post-thumbnail hentry category-sante_mentale tag-bien-etre tag-prevention tag-qvt tag-sante\">\n\t\t\t<div class=\"raven-post\">\n\t\t\t\t\t\t<div class=\"raven-post-image-wrap\">\n\t\t\t<a class=\"raven-post-image raven-image-fit\" href=\"https:\/\/www.medisur.fr\/en\/sante-mentale-entreprise-burn-out-rps\/\"><img loading=\"lazy\" decoding=\"async\" width=\"768\" height=\"512\" src=\"https:\/\/www.medisur.fr\/wp-content\/uploads\/2026\/04\/pexels-anthonyshkraba-production-8278873-768x512.jpg\" class=\"attachment-medium_large size-medium_large wp-image-25268\" alt=\"\" srcset=\"https:\/\/www.medisur.fr\/wp-content\/uploads\/2026\/04\/pexels-anthonyshkraba-production-8278873-768x512.jpg 768w, https:\/\/www.medisur.fr\/wp-content\/uploads\/2026\/04\/pexels-anthonyshkraba-production-8278873-300x200.jpg 300w, https:\/\/www.medisur.fr\/wp-content\/uploads\/2026\/04\/pexels-anthonyshkraba-production-8278873-1024x683.jpg 1024w, https:\/\/www.medisur.fr\/wp-content\/uploads\/2026\/04\/pexels-anthonyshkraba-production-8278873-1536x1024.jpg 1536w, https:\/\/www.medisur.fr\/wp-content\/uploads\/2026\/04\/pexels-anthonyshkraba-production-8278873-2048x1365.jpg 2048w, https:\/\/www.medisur.fr\/wp-content\/uploads\/2026\/04\/pexels-anthonyshkraba-production-8278873-18x12.jpg 18w, https:\/\/www.medisur.fr\/wp-content\/uploads\/2026\/04\/pexels-anthonyshkraba-production-8278873-1320x880.jpg 1320w, https:\/\/www.medisur.fr\/wp-content\/uploads\/2026\/04\/pexels-anthonyshkraba-production-8278873-600x400.jpg 600w\" sizes=\"(max-width: 768px) 100vw, 768px\" \/> <span class=\"raven-post-image-overlay\"><\/span><\/a>\t\t<\/div>\n\t\t\t\t\t\t<div class=\"raven-post-content\">\n\t\t\t\t\t<h3 class=\"raven-post-title\"><a class=\"raven-post-title-link\" href=\"https:\/\/www.medisur.fr\/en\/sante-mentale-entreprise-burn-out-rps\/\">Sant\u00e9 mentale en entreprise : burn-out, RPS et signaux d&#8217;alerte, comment agir maintenant ?<\/a><\/h3>\t\t<div class=\"raven-post-meta\"><a class=\"raven-post-meta-item raven-post-date\" href=\"https:\/\/www.medisur.fr\/en\/2026\/04\/\" rel=\"bookmark\">3 April 2026<\/a>\n<span class=\"raven-post-meta-divider\">\/<\/span>\n<a class=\"raven-post-meta-item raven-post-author\" href=\"https:\/\/www.medisur.fr\/en\/author\/logistique\/\">Vincent DAILLOUX<\/a>\n<span class=\"raven-post-meta-divider\">\/<\/span>\n<span class=\"raven-post-meta-item raven-post-categories\"><a href=\"https:\/\/www.medisur.fr\/en\/category\/sante_mentale\/\" rel=\"tag\">sant\u00e9 mentale<\/a><\/span>\n<span class=\"raven-post-meta-divider\">\/<\/span>\n<span class=\"raven-post-meta-item raven-post-tags\"><a href=\"https:\/\/www.medisur.fr\/en\/tag\/bien-etre\/\" rel=\"tag\">bien-\u00eatre<\/a>, <a href=\"https:\/\/www.medisur.fr\/en\/tag\/prevention\/\" rel=\"tag\">pr\u00e9vention<\/a>, <a href=\"https:\/\/www.medisur.fr\/en\/tag\/qvt\/\" rel=\"tag\">qvt<\/a>, <a href=\"https:\/\/www.medisur.fr\/en\/tag\/sante\/\" rel=\"tag\">sant\u00e9<\/a><\/span><\/div>\n\t\t\t\t\t\t<\/div>\n\t\t\t<\/div>\n\t\t<\/div>\n\t\t\t\t<div class=\"raven-grid-item raven-post-item post-25067 post type-post status-publish format-standard has-post-thumbnail hentry category-sante_securite category-videos tag-prevention tag-securite tag-securite-travail tag-sensibilisation\">\n\t\t\t<div class=\"raven-post\">\n\t\t\t\t\t\t<div class=\"raven-post-image-wrap\">\n\t\t\t<a class=\"raven-post-image raven-image-fit\" href=\"https:\/\/www.medisur.fr\/en\/journee-mondiale-securite-sante-travail\/\"><img loading=\"lazy\" decoding=\"async\" width=\"768\" height=\"432\" src=\"https:\/\/www.medisur.fr\/wp-content\/uploads\/2026\/03\/pexels-bertellifotografia-799463-768x432.jpg\" class=\"attachment-medium_large size-medium_large wp-image-25073\" alt=\"Journ\u00e9e mondiale s\u00e9curit\u00e9 sant\u00e9 au travail | Medisur\" srcset=\"https:\/\/www.medisur.fr\/wp-content\/uploads\/2026\/03\/pexels-bertellifotografia-799463-768x432.jpg 768w, https:\/\/www.medisur.fr\/wp-content\/uploads\/2026\/03\/pexels-bertellifotografia-799463-300x169.jpg 300w, https:\/\/www.medisur.fr\/wp-content\/uploads\/2026\/03\/pexels-bertellifotografia-799463-1024x576.jpg 1024w, https:\/\/www.medisur.fr\/wp-content\/uploads\/2026\/03\/pexels-bertellifotografia-799463-1536x864.jpg 1536w, https:\/\/www.medisur.fr\/wp-content\/uploads\/2026\/03\/pexels-bertellifotografia-799463-2048x1152.jpg 2048w, https:\/\/www.medisur.fr\/wp-content\/uploads\/2026\/03\/pexels-bertellifotografia-799463-18x10.jpg 18w, https:\/\/www.medisur.fr\/wp-content\/uploads\/2026\/03\/pexels-bertellifotografia-799463-1320x743.jpg 1320w, https:\/\/www.medisur.fr\/wp-content\/uploads\/2026\/03\/pexels-bertellifotografia-799463-600x338.jpg 600w\" sizes=\"(max-width: 768px) 100vw, 768px\" \/> <span class=\"raven-post-image-overlay\"><\/span><\/a>\t\t<\/div>\n\t\t\t\t\t\t<div class=\"raven-post-content\">\n\t\t\t\t\t<h3 class=\"raven-post-title\"><a class=\"raven-post-title-link\" href=\"https:\/\/www.medisur.fr\/en\/journee-mondiale-securite-sante-travail\/\">Journ\u00e9e mondiale de la s\u00e9curit\u00e9 et de la sant\u00e9 au travail | Medisur<\/a><\/h3>\t\t<div class=\"raven-post-meta\"><a class=\"raven-post-meta-item raven-post-date\" href=\"https:\/\/www.medisur.fr\/en\/2026\/03\/\" rel=\"bookmark\">17 March 2026<\/a>\n<span class=\"raven-post-meta-divider\">\/<\/span>\n<a class=\"raven-post-meta-item raven-post-author\" href=\"https:\/\/www.medisur.fr\/en\/author\/logistique\/\">Vincent DAILLOUX<\/a>\n<span class=\"raven-post-meta-divider\">\/<\/span>\n<span class=\"raven-post-meta-item raven-post-categories\"><a href=\"https:\/\/www.medisur.fr\/en\/category\/sante_securite\/\" rel=\"tag\">sant\u00e9 et s\u00e9curit\u00e9<\/a>, <a href=\"https:\/\/www.medisur.fr\/en\/category\/videos\/\" rel=\"tag\">Vid\u00e9os<\/a><\/span>\n<span class=\"raven-post-meta-divider\">\/<\/span>\n<span class=\"raven-post-meta-item raven-post-tags\"><a href=\"https:\/\/www.medisur.fr\/en\/tag\/prevention\/\" rel=\"tag\">pr\u00e9vention<\/a>, <a href=\"https:\/\/www.medisur.fr\/en\/tag\/securite\/\" rel=\"tag\">s\u00e9curit\u00e9<\/a>, <a href=\"https:\/\/www.medisur.fr\/en\/tag\/securite-travail\/\" rel=\"tag\">s\u00e9curit\u00e9 travail<\/a>, <a href=\"https:\/\/www.medisur.fr\/en\/tag\/sensibilisation\/\" rel=\"tag\">sensibilisation<\/a><\/span><\/div>\n\t\t\t\t\t\t<\/div>\n\t\t\t<\/div>\n\t\t<\/div>\n\t\t\t\t<\/div>\n\t\t\t\t\t\t<\/div>\n\t\t\t\t<\/div>\n\t\t\t\t\t<\/div>\n\t\t<\/div>\n\t\t\t\t\t<\/div>\n\t\t<\/section>\n\t\t\t\t<section class=\"elementor-section elementor-top-section elementor-element elementor-element-daa3e3f elementor-section-boxed elementor-section-height-default elementor-section-height-default\" data-id=\"daa3e3f\" data-element_type=\"section\" data-e-type=\"section\" data-settings=\"{&quot;jet_parallax_layout_list&quot;:[],&quot;background_background&quot;:&quot;classic&quot;,&quot;shape_divider_top&quot;:&quot;waves&quot;,&quot;shape_divider_bottom&quot;:&quot;waves&quot;}\">\n\t\t\t\t\t<div class=\"elementor-shape elementor-shape-top\" aria-hidden=\"true\" data-negative=\"false\">\n\t\t\t<svg xmlns=\"http:\/\/www.w3.org\/2000\/svg\" viewBox=\"0 0 1000 100\" preserveAspectRatio=\"none\">\n\t<path class=\"elementor-shape-fill\" d=\"M421.9,6.5c22.6-2.5,51.5,0.4,75.5,5.3c23.6,4.9,70.9,23.5,100.5,35.7c75.8,32.2,133.7,44.5,192.6,49.7\n\tc23.6,2.1,48.7,3.5,103.4-2.5c54.7-6,106.2-25.6,106.2-25.6V0H0v30.3c0,0,72,32.6,158.4,30.5c39.2-0.7,92.8-6.7,134-22.4\n\tc21.2-8.1,52.2-18.2,79.7-24.2C399.3,7.9,411.6,7.5,421.9,6.5z\"\/>\n<\/svg>\t\t<\/div>\n\t\t\t\t<div class=\"elementor-shape elementor-shape-bottom\" aria-hidden=\"true\" data-negative=\"false\">\n\t\t\t<svg xmlns=\"http:\/\/www.w3.org\/2000\/svg\" viewBox=\"0 0 1000 100\" preserveAspectRatio=\"none\">\n\t<path class=\"elementor-shape-fill\" d=\"M421.9,6.5c22.6-2.5,51.5,0.4,75.5,5.3c23.6,4.9,70.9,23.5,100.5,35.7c75.8,32.2,133.7,44.5,192.6,49.7\n\tc23.6,2.1,48.7,3.5,103.4-2.5c54.7-6,106.2-25.6,106.2-25.6V0H0v30.3c0,0,72,32.6,158.4,30.5c39.2-0.7,92.8-6.7,134-22.4\n\tc21.2-8.1,52.2-18.2,79.7-24.2C399.3,7.9,411.6,7.5,421.9,6.5z\"\/>\n<\/svg>\t\t<\/div>\n\t\t\t\t\t<div class=\"elementor-container elementor-column-gap-default\">\n\t\t\t\t\t<div class=\"elementor-column elementor-col-100 elementor-top-column elementor-element elementor-element-35cc427\" data-id=\"35cc427\" data-element_type=\"column\" data-e-type=\"column\">\n\t\t\t<div class=\"elementor-widget-wrap elementor-element-populated\">\n\t\t\t\t\t\t<div class=\"elementor-element elementor-element-6049830 elementor-widget elementor-widget-heading\" data-id=\"6049830\" data-element_type=\"widget\" data-e-type=\"widget\" data-widget_type=\"heading.default\">\n\t\t\t\t<div class=\"elementor-widget-container\">\n\t\t\t\t\t<h2 class=\"elementor-heading-title elementor-size-default\">Contactez-nous pour organiser ce module de pr\u00e9vention des RPS dans votre entreprise<\/h2>\t\t\t\t<\/div>\n\t\t\t\t<\/div>\n\t\t\t\t<div class=\"elementor-element elementor-element-ae1f157 elementor-widget elementor-widget-text-editor\" data-id=\"ae1f157\" data-element_type=\"widget\" data-e-type=\"widget\" data-widget_type=\"text-editor.default\">\n\t\t\t\t<div class=\"elementor-widget-container\">\n\t\t\t\t\t\t\t\t\t<div class=\"elementor-element elementor-element-6c11b112 elementor-widget elementor-widget-text-editor\" style=\"gap: var(--row-gap) var(--column-gap); --widgets-spacing: 20px 20px; --widgets-spacing-row: 20px; --widgets-spacing-column: 20px; --swiper-theme-color: #000; --swiper-navigation-size: 44px; --swiper-pagination-bullet-size: 6px; --swiper-pagination-bullet-horizontal-gap: 6px; width: 1120px;\" data-id=\"6c11b112\" data-element_type=\"widget\" data-widget_type=\"text-editor.default\"><div class=\"elementor-widget-container\" style=\"transition: background .3s,border .3s,border-radius .3s,box-shadow .3s,transform var(--e-transform-transition-duration,.4s); margin: 0em 0em 2em;\"><p class=\"p1\">Vous souhaitez renforcer le bien-\u00eatre mental de vos \u00e9quipes et pr\u00e9venir les RPS ?<\/p><\/div><\/div><div class=\"elementor-element elementor-element-206e8c2c elementor-align-center elementor-widget elementor-widget-raven-button\" style=\"gap: var(--row-gap) var(--column-gap); --widgets-spacing: 20px 20px; --widgets-spacing-row: 20px; --widgets-spacing-column: 20px; --swiper-theme-color: #000; --swiper-navigation-size: 44px; --swiper-pagination-bullet-size: 6px; --swiper-pagination-bullet-horizontal-gap: 6px; width: 1120px; color: #666666;\" data-id=\"206e8c2c\" data-element_type=\"widget\" data-settings=\"{&quot;turn_to_popup_action_button&quot;:&quot;no&quot;}\" data-widget_type=\"raven-button.default\"><div class=\"elementor-widget-container\" style=\"transition: background .3s,border .3s,border-radius .3s,box-shadow .3s,transform var(--e-transform-transition-duration,.4s);\"><div class=\"raven-widget-wrapper\">\u00a0<\/div><\/div><\/div>\t\t\t\t\t\t\t\t<\/div>\n\t\t\t\t<\/div>\n\t\t\t\t<div class=\"elementor-element elementor-element-0de6cb0 elementor-align-center elementor-widget elementor-widget-raven-button\" data-id=\"0de6cb0\" data-element_type=\"widget\" data-e-type=\"widget\" data-settings=\"{&quot;turn_to_popup_action_button&quot;:&quot;no&quot;}\" data-widget_type=\"raven-button.default\">\n\t\t\t\t<div class=\"elementor-widget-container\">\n\t\t\t\t\t\t\t<div class=\"raven-widget-wrapper\">\n\t\t\t<a class=\"raven-button raven-button-widget-normal-effect-none  raven-button-text-align-center raven-button-link elementor-animation-none\" href=\"https:\/\/www.medisur.fr\/devis-risques-psychosociaux\/\">\t\t\t\t<div class=\"raven-button-overlay\" ><\/div>\n\t\t\t\t<span class=\"raven-button-content\">\n\t\t\t\t\t\n\t\t\t\t\t<div class=\"button-text-container\">\n\t\t\t\t\t\t\t\t\t<span class=\"raven-button-icon raven-button-icon-position-left\">\n\t\t\t\t<i aria-hidden=\"true\" class=\"fas fa-comments\"><\/i>\t\t\t<\/span>\n\t\t\t\t\t\t\t\t<div class=\"raven-button-texts-wrapper\">\n\t\t\t\t\t\t\t<div class=\"button-text\">\n\t\t\t\t\t\t\t\t<span class=\"raven-button-text\">\n\t\t\t\t\t\t\t\t\tContactez-nous\t\t\t\t\t\t\t\t<\/span>\n\t\t\t\t\t\t\t<\/div>\n\t\t\t\t\t\t\t\t\t\t\t\t\t<\/div>\n\t\t\t\t\t\t\t\t\t\t\t<\/div>\n\t\t\t\t\t\n\t\t\t\t\t\t\t\t\t<\/span>\n\t\t\t<\/a>\t\t<\/div>\n\t\t\t\t\t\t<\/div>\n\t\t\t\t<\/div>\n\t\t\t\t\t<\/div>\n\t\t<\/div>\n\t\t\t\t\t<\/div>\n\t\t<\/section>\n\t\t\t\t<section class=\"elementor-section elementor-top-section elementor-element elementor-element-f5e7551 elementor-section-boxed elementor-section-height-default elementor-section-height-default\" data-id=\"f5e7551\" data-element_type=\"section\" data-e-type=\"section\" data-settings=\"{&quot;jet_parallax_layout_list&quot;:[{&quot;jet_parallax_layout_image&quot;:{&quot;url&quot;:&quot;&quot;,&quot;id&quot;:&quot;&quot;,&quot;size&quot;:&quot;&quot;},&quot;_id&quot;:&quot;ad39c02&quot;,&quot;jet_parallax_layout_speed&quot;:{&quot;unit&quot;:&quot;%&quot;,&quot;size&quot;:&quot;50&quot;,&quot;sizes&quot;:[]},&quot;jet_parallax_layout_bg_x&quot;:&quot;50&quot;,&quot;jet_parallax_layout_bg_y&quot;:&quot;50&quot;,&quot;jet_parallax_layout_image_tablet&quot;:{&quot;url&quot;:&quot;&quot;,&quot;id&quot;:&quot;&quot;,&quot;size&quot;:&quot;&quot;},&quot;jet_parallax_layout_image_mobile&quot;:{&quot;url&quot;:&quot;&quot;,&quot;id&quot;:&quot;&quot;,&quot;size&quot;:&quot;&quot;},&quot;jet_parallax_layout_type&quot;:&quot;scroll&quot;,&quot;jet_parallax_layout_direction&quot;:&quot;1&quot;,&quot;jet_parallax_layout_fx_direction&quot;:null,&quot;jet_parallax_layout_z_index&quot;:&quot;&quot;,&quot;jet_parallax_layout_bg_x_tablet&quot;:&quot;&quot;,&quot;jet_parallax_layout_bg_x_mobile&quot;:&quot;&quot;,&quot;jet_parallax_layout_bg_y_tablet&quot;:&quot;&quot;,&quot;jet_parallax_layout_bg_y_mobile&quot;:&quot;&quot;,&quot;jet_parallax_layout_bg_size&quot;:&quot;auto&quot;,&quot;jet_parallax_layout_bg_size_tablet&quot;:&quot;&quot;,&quot;jet_parallax_layout_bg_size_mobile&quot;:&quot;&quot;,&quot;jet_parallax_layout_animation_prop&quot;:&quot;transform&quot;,&quot;jet_parallax_layout_on&quot;:[&quot;desktop&quot;,&quot;tablet&quot;]}]}\">\n\t\t\t\t\t\t<div class=\"elementor-container elementor-column-gap-no\">\n\t\t\t\t\t<div class=\"elementor-column elementor-col-100 elementor-top-column elementor-element elementor-element-4845f79\" data-id=\"4845f79\" data-element_type=\"column\" data-e-type=\"column\">\n\t\t\t<div class=\"elementor-widget-wrap elementor-element-populated\">\n\t\t\t\t\t\t<div class=\"elementor-element elementor-element-b922900 elementor-widget elementor-widget-heading\" data-id=\"b922900\" data-element_type=\"widget\" data-e-type=\"widget\" data-widget_type=\"heading.default\">\n\t\t\t\t<div class=\"elementor-widget-container\">\n\t\t\t\t\t<h4 class=\"elementor-heading-title elementor-size-default\"><a href=\"\/sante-mentale\/\">D\u00e9j\u00e0 plus de <b>3 400<\/b> organisations font confiance \u00e0 Medisur pour prendre soin de la <span style=\"color:#66CCCC\">sant\u00e9 mentale<\/span> des salari\u00e9s.<\/a><\/h4>\t\t\t\t<\/div>\n\t\t\t\t<\/div>\n\t\t\t\t<div class=\"elementor-element elementor-element-57c6734 elementor-widget elementor-widget-image-carousel\" data-id=\"57c6734\" data-element_type=\"widget\" data-e-type=\"widget\" data-settings=\"{&quot;slides_to_show&quot;:&quot;4&quot;,&quot;navigation&quot;:&quot;none&quot;,&quot;autoplay&quot;:&quot;yes&quot;,&quot;pause_on_hover&quot;:&quot;yes&quot;,&quot;pause_on_interaction&quot;:&quot;yes&quot;,&quot;autoplay_speed&quot;:5000,&quot;infinite&quot;:&quot;yes&quot;,&quot;speed&quot;:500}\" data-widget_type=\"image-carousel.default\">\n\t\t\t\t<div class=\"elementor-widget-container\">\n\t\t\t\t\t\t\t<div class=\"elementor-image-carousel-wrapper swiper\" role=\"region\" aria-roledescription=\"carousel\" aria-label=\"Carrousel d\u2019images\" dir=\"ltr\">\n\t\t\t<div class=\"elementor-image-carousel swiper-wrapper\" aria-live=\"off\">\n\t\t\t\t\t\t\t\t<div class=\"swiper-slide\" role=\"group\" aria-roledescription=\"slide\" aria-label=\"1 sur 14\"><figure class=\"swiper-slide-inner\"><img decoding=\"async\" class=\"swiper-slide-image\" src=\"https:\/\/www.medisur.fr\/wp-content\/uploads\/2025\/12\/13.png\" alt=\"13\" \/><\/figure><\/div><div class=\"swiper-slide\" role=\"group\" aria-roledescription=\"slide\" aria-label=\"2 sur 14\"><figure class=\"swiper-slide-inner\"><img decoding=\"async\" class=\"swiper-slide-image\" src=\"https:\/\/www.medisur.fr\/wp-content\/uploads\/2025\/12\/12.png\" alt=\"12\" \/><\/figure><\/div><div class=\"swiper-slide\" role=\"group\" aria-roledescription=\"slide\" aria-label=\"3 sur 14\"><figure class=\"swiper-slide-inner\"><img decoding=\"async\" class=\"swiper-slide-image\" src=\"https:\/\/www.medisur.fr\/wp-content\/uploads\/2025\/12\/11.png\" alt=\"11\" \/><\/figure><\/div><div class=\"swiper-slide\" role=\"group\" aria-roledescription=\"slide\" aria-label=\"4 sur 14\"><figure class=\"swiper-slide-inner\"><img decoding=\"async\" class=\"swiper-slide-image\" src=\"https:\/\/www.medisur.fr\/wp-content\/uploads\/2025\/12\/10.png\" alt=\"10\" \/><\/figure><\/div><div class=\"swiper-slide\" role=\"group\" aria-roledescription=\"slide\" aria-label=\"5 sur 14\"><figure class=\"swiper-slide-inner\"><img decoding=\"async\" class=\"swiper-slide-image\" src=\"https:\/\/www.medisur.fr\/wp-content\/uploads\/2025\/12\/9.png\" alt=\"9\" \/><\/figure><\/div><div class=\"swiper-slide\" role=\"group\" aria-roledescription=\"slide\" aria-label=\"6 sur 14\"><figure class=\"swiper-slide-inner\"><img decoding=\"async\" class=\"swiper-slide-image\" src=\"https:\/\/www.medisur.fr\/wp-content\/uploads\/2025\/12\/8.png\" alt=\"8\" \/><\/figure><\/div><div class=\"swiper-slide\" role=\"group\" aria-roledescription=\"slide\" aria-label=\"7 sur 14\"><figure class=\"swiper-slide-inner\"><img decoding=\"async\" class=\"swiper-slide-image\" src=\"https:\/\/www.medisur.fr\/wp-content\/uploads\/2025\/12\/7.png\" alt=\"7\" \/><\/figure><\/div><div class=\"swiper-slide\" role=\"group\" aria-roledescription=\"slide\" aria-label=\"8 sur 14\"><figure class=\"swiper-slide-inner\"><img decoding=\"async\" class=\"swiper-slide-image\" src=\"https:\/\/www.medisur.fr\/wp-content\/uploads\/2025\/12\/6-1.png\" alt=\"6\" \/><\/figure><\/div><div class=\"swiper-slide\" role=\"group\" aria-roledescription=\"slide\" aria-label=\"9 sur 14\"><figure class=\"swiper-slide-inner\"><img decoding=\"async\" class=\"swiper-slide-image\" src=\"https:\/\/www.medisur.fr\/wp-content\/uploads\/2025\/12\/4-1.png\" alt=\"4\" \/><\/figure><\/div><div class=\"swiper-slide\" role=\"group\" aria-roledescription=\"slide\" aria-label=\"10 sur 14\"><figure class=\"swiper-slide-inner\"><img decoding=\"async\" class=\"swiper-slide-image\" src=\"https:\/\/www.medisur.fr\/wp-content\/uploads\/2025\/12\/5-1.png\" alt=\"5\" \/><\/figure><\/div><div class=\"swiper-slide\" role=\"group\" aria-roledescription=\"slide\" aria-label=\"11 sur 14\"><figure class=\"swiper-slide-inner\"><img decoding=\"async\" class=\"swiper-slide-image\" src=\"https:\/\/www.medisur.fr\/wp-content\/uploads\/2025\/12\/3-1.png\" alt=\"3\" \/><\/figure><\/div><div class=\"swiper-slide\" role=\"group\" aria-roledescription=\"slide\" aria-label=\"12 sur 14\"><figure class=\"swiper-slide-inner\"><img decoding=\"async\" class=\"swiper-slide-image\" src=\"https:\/\/www.medisur.fr\/wp-content\/uploads\/2025\/12\/2-1.png\" alt=\"2\" \/><\/figure><\/div><div class=\"swiper-slide\" role=\"group\" aria-roledescription=\"slide\" aria-label=\"13 sur 14\"><figure class=\"swiper-slide-inner\"><img decoding=\"async\" class=\"swiper-slide-image\" src=\"https:\/\/www.medisur.fr\/wp-content\/uploads\/2025\/12\/1-1.png\" alt=\"1\" \/><\/figure><\/div><div class=\"swiper-slide\" role=\"group\" aria-roledescription=\"slide\" aria-label=\"14 sur 14\"><figure class=\"swiper-slide-inner\"><img decoding=\"async\" class=\"swiper-slide-image\" src=\"https:\/\/www.medisur.fr\/wp-content\/uploads\/2025\/12\/6.png\" alt=\"6\" \/><\/figure><\/div>\t\t\t<\/div>\n\t\t\t\t\t\t\t\n\t\t\t\t\t\t\t\t\t<\/div>\n\t\t\t\t\t\t<\/div>\n\t\t\t\t<\/div>\n\t\t\t\t\t<\/div>\n\t\t<\/div>\n\t\t\t\t\t<\/div>\n\t\t<\/section>\n\t\t\t\t<\/div>\n\t\t","protected":false},"excerpt":{"rendered":"<p>Pr\u00e9vention des Risques psychosociaux (RPS) Identifier, agir et pr\u00e9venir les risques psychosociaux, afin de favoriser un environnement de travail sain et productif. Demander un devis Pourquoi pr\u00e9venir les risques psychosociaux (RPS) en entreprise ? En France, 53 % des salari\u00e9s se d\u00e9clarent en d\u00e9tresse psychologique, dont 14 % en d\u00e9tresse \u00e9lev\u00e9e (Source : Securex, 2023). [&hellip;]<\/p>\n","protected":false},"author":2388,"featured_media":15769,"parent":7625,"menu_order":0,"comment_status":"closed","ping_status":"closed","template":"full-width.php","meta":{"_acf_changed":false,"footnotes":""},"class_list":["post-14017","page","type-page","status-publish","has-post-thumbnail","hentry"],"acf":[],"_links":{"self":[{"href":"https:\/\/www.medisur.fr\/en\/wp-json\/wp\/v2\/pages\/14017","targetHints":{"allow":["GET"]}}],"collection":[{"href":"https:\/\/www.medisur.fr\/en\/wp-json\/wp\/v2\/pages"}],"about":[{"href":"https:\/\/www.medisur.fr\/en\/wp-json\/wp\/v2\/types\/page"}],"author":[{"embeddable":true,"href":"https:\/\/www.medisur.fr\/en\/wp-json\/wp\/v2\/users\/2388"}],"replies":[{"embeddable":true,"href":"https:\/\/www.medisur.fr\/en\/wp-json\/wp\/v2\/comments?post=14017"}],"version-history":[{"count":5,"href":"https:\/\/www.medisur.fr\/en\/wp-json\/wp\/v2\/pages\/14017\/revisions"}],"predecessor-version":[{"id":24563,"href":"https:\/\/www.medisur.fr\/en\/wp-json\/wp\/v2\/pages\/14017\/revisions\/24563"}],"up":[{"embeddable":true,"href":"https:\/\/www.medisur.fr\/en\/wp-json\/wp\/v2\/pages\/7625"}],"wp:featuredmedia":[{"embeddable":true,"href":"https:\/\/www.medisur.fr\/en\/wp-json\/wp\/v2\/media\/15769"}],"wp:attachment":[{"href":"https:\/\/www.medisur.fr\/en\/wp-json\/wp\/v2\/media?parent=14017"}],"curies":[{"name":"wp","href":"https:\/\/api.w.org\/{rel}","templated":true}]}}